{"id":665,"date":"2022-01-10T15:33:58","date_gmt":"2022-01-10T20:33:58","guid":{"rendered":"https:\/\/fondationhopitalsainteustache.com\/?page_id=665"},"modified":"2025-09-04T16:07:00","modified_gmt":"2025-09-04T20:07:00","slug":"home","status":"publish","type":"page","link":"https:\/\/fondationhopitalsainteustache.com\/en\/","title":{"rendered":"Home"},"content":{"rendered":"<!-- Slider main container -->\n<div class=\"swiper hero-slider text-white\">\n  <!-- Additional required wrapper -->\n  <div class=\"swiper-wrapper\">\n        <div class=\"swiper-slide\">\n              <img decoding=\"async\" width=\"1920\" height=\"680\" src=\"https:\/\/fondationhopitalsainteustache.com\/wp-content\/uploads\/2022\/02\/hero-slider-jeremy.jpg\" class=\"img-fluid\" alt=\"Une maman qui tient dans les bras son nouveau b\u00e9b\u00e9\" srcset=\"https:\/\/fondationhopitalsainteustache.com\/wp-content\/uploads\/2022\/02\/hero-slider-jeremy.jpg 1920w, https:\/\/fondationhopitalsainteustache.com\/wp-content\/uploads\/2022\/02\/hero-slider-jeremy-315x112.jpg 315w, https:\/\/fondationhopitalsainteustache.com\/wp-content\/uploads\/2022\/02\/hero-slider-jeremy-1164x412.jpg 1164w, https:\/\/fondationhopitalsainteustache.com\/wp-content\/uploads\/2022\/02\/hero-slider-jeremy-768x272.jpg 768w, https:\/\/fondationhopitalsainteustache.com\/wp-content\/uploads\/2022\/02\/hero-slider-jeremy-1536x544.jpg 1536w, https:\/\/fondationhopitalsainteustache.com\/wp-content\/uploads\/2022\/02\/hero-slider-jeremy-260x92.jpg 260w\" sizes=\"(max-width: 1920px) 100vw, 1920px\" \/>      \n      <div class=\"hero-content-wrapper container\">\n        <div class=\"hero-content\">\n          <h2>Fondation H\u00f4pital Saint-Eustache<\/h2>\n\n                      <p>Since its very beginning, and thanks to the great generosity of its donors, the Fondation H\u00f4pital Saint-Eustache has granted more than 25 million dollars to its sole beneficiary, the Saint-Eustache Hospital.<\/p>\n          \n                      <a class=\"button\" href=\"https:\/\/fondationhopitalsainteustache.com\/en\/the-foundation\/\">About the foundation<\/a>\n          \n                      <p class=\"mention\">Marie-\u00c8ve and J\u00e9r\u00e9my<\/p>\n                  <\/div>\n      <\/div>\n    <\/div>\n        <div class=\"swiper-slide\">\n              <img decoding=\"async\" width=\"1920\" height=\"680\" src=\"https:\/\/fondationhopitalsainteustache.com\/wp-content\/uploads\/2022\/02\/hero-slider-services.jpg\" class=\"img-fluid\" alt=\"Patiente dans le bloc op\u00e9ratoire de l&#039;h\u00f4pital Saint-Eustache\" srcset=\"https:\/\/fondationhopitalsainteustache.com\/wp-content\/uploads\/2022\/02\/hero-slider-services.jpg 1920w, https:\/\/fondationhopitalsainteustache.com\/wp-content\/uploads\/2022\/02\/hero-slider-services-315x112.jpg 315w, https:\/\/fondationhopitalsainteustache.com\/wp-content\/uploads\/2022\/02\/hero-slider-services-1164x412.jpg 1164w, https:\/\/fondationhopitalsainteustache.com\/wp-content\/uploads\/2022\/02\/hero-slider-services-768x272.jpg 768w, https:\/\/fondationhopitalsainteustache.com\/wp-content\/uploads\/2022\/02\/hero-slider-services-1536x544.jpg 1536w, https:\/\/fondationhopitalsainteustache.com\/wp-content\/uploads\/2022\/02\/hero-slider-services-260x92.jpg 260w\" sizes=\"(max-width: 1920px) 100vw, 1920px\" \/>      \n      <div class=\"hero-content-wrapper container\">\n        <div class=\"hero-content\">\n          <h2>Fondation H\u00f4pital Saint-Eustache<\/h2>\n\n                      <p>Thanks to your donations, we can continue to support the hospital, to provide state-of-the-art equipment and to improve the care and services offered in the Lower Laurentians.<\/p>\n          \n                      <a class=\"button\" href=\"https:\/\/fondationhopitalsainteustache.com\/en\/donations\/\">Donate<\/a>\n          \n                  <\/div>\n      <\/div>\n    <\/div>\n      <\/div>\n  <div class=\"pagination-container container\">\n    <div class=\"pagination-wrapper\">\n      <div class=\"swiper-pagination\"><\/div>\n    <\/div>\n  <\/div>\n<\/div>\n\n\n<div id=\"block_f07afede68a585d109a90cfd2f0ee0b6\" class=\"latest-events container\">\n  <div class=\"latest-events-block grid\">\n                      <section class=\"event-image\">\n            <a href=\"https:\/\/fondationhopitalsainteustache.com\/en\/event\/5th-edition-roadblock-campaign\/\" >\n              <img decoding=\"async\" width=\"1240\" height=\"720\" src=\"https:\/\/fondationhopitalsainteustache.com\/wp-content\/uploads\/2026\/03\/Barrage-routier_banniere-site-Web-centree_1920-x-720-px-1240x720.png\" class=\"img-fluid wp-post-image\" alt=\"\" \/>            <\/a>\n          <\/section>\n                        <div class=\"event\">\n                      <h2 class=\"text-light-primary\">Our Last Events<\/h2>\n                              <div class=\"event-content\">\n            <a class=\"fs-600 text-tertiary\" href=\"https:\/\/fondationhopitalsainteustache.com\/en\/event\/5th-edition-roadblock-campaign\/\">\n              <h3 class=\"line-clamp\">5th Edition of the Roadblock campaign<\/h3>\n            <\/a>\n            <p class=\"line-clamp\">2026 Saint-Eustache Roadblock: Give for Your Local Health Thursday, April 23, 2026, the Fondation H\u00f4pital Saint-Eustache invites you to the 5th edition of its major roadblock campaign. Whether you are on your way to work or heading back home, your generosity concretely transforms healthcare in our region. Discover how a quick stop can make a &hellip; <a href=\"https:\/\/fondationhopitalsainteustache.com\/en\/event\/5th-edition-roadblock-campaign\/\">Continued<\/a><\/p>\n                          <a class=\"button\" href=\"https:\/\/fondationhopitalsainteustache.com\/en\/event\/5th-edition-roadblock-campaign\/\">\n              Read more<\/a>\n                      <\/div>\n        <\/div>\n                      <div class=\"swiper latest-events-swiper\"><div class=\"swiper-wrapper\">        <div class=\"event swiper-slide\">\n                                <div class=\"event-image\">\n              <a href=\"https:\/\/fondationhopitalsainteustache.com\/en\/event\/7e-edition-du-festin-terre-et-mer\/\" >\n                <img decoding=\"async\" width=\"315\" height=\"220\" src=\"https:\/\/fondationhopitalsainteustache.com\/wp-content\/uploads\/2026\/02\/Site-web_Festin_26_1920x720px_centre2-315x220.png\" class=\"img-fluid rounded-topleft-corner wp-post-image\" alt=\"7e festin terre et mer Version centre\" \/>              <\/a>\n            <\/div>\n                    <div class=\"event-content\">\n            <a class=\"fs-600 text-tertiary\" href=\"https:\/\/fondationhopitalsainteustache.com\/en\/event\/7e-edition-du-festin-terre-et-mer\/\">\n              <h3 class=\"line-clamp\">Surf and Turf Feast 2026 | Saint-Eustache Hospital Foundation<\/h3>\n            <\/a>\n            <p class=\"line-clamp\">Surf and Turf Feast fundraising dinner Join Us for the 7th Edition of the Surf and Turf Feast The Surf and Turf Feast fundraising dinner returns for its 7th edition on Thursday, May 21, 2026, at the Th\u00e9r\u00e8se-De Blainville Cultural and Community Centre, starting at 6 p.m. Organized by the Saint-Eustache Hospital Foundation, this flagship &hellip; <a href=\"https:\/\/fondationhopitalsainteustache.com\/en\/event\/7e-edition-du-festin-terre-et-mer\/\">Continued<\/a><\/p>\n                      <\/div>\n        <\/div>\n                              <div class=\"event swiper-slide\">\n                                <div class=\"event-image\">\n              <a href=\"https:\/\/fondationhopitalsainteustache.com\/en\/event\/loto-fhse-50-50\/\" >\n                <img decoding=\"async\" width=\"315\" height=\"220\" src=\"https:\/\/fondationhopitalsainteustache.com\/wp-content\/uploads\/2025\/11\/Tuile-pour-en-tete-4-315x220.png\" class=\"img-fluid rounded-topleft-corner wp-post-image\" alt=\"\" \/>              <\/a>\n            <\/div>\n                    <div class=\"event-content\">\n            <a class=\"fs-600 text-tertiary\" href=\"https:\/\/fondationhopitalsainteustache.com\/en\/event\/loto-fhse-50-50\/\">\n              <h3 class=\"line-clamp\">FHSE 50-50 Lottery<\/h3>\n            <\/a>\n            <p class=\"line-clamp\">Discover the new FHSE 50-50 Lottery online! Each month, double your impact \u2013 half for you, half for your Foundation! The FHSE 50-50 Lottery is now available online, making it easy for everyone to participate. By purchasing your tickets, you have a chance to win half of the jackpot while directly contributing to state-of-the-art medical &hellip; <a href=\"https:\/\/fondationhopitalsainteustache.com\/en\/event\/loto-fhse-50-50\/\">Continued<\/a><\/p>\n                      <\/div>\n        <\/div>\n      <\/div><\/div>   <\/div>\n<\/div>\n\n\n<div id=\"block_19958115b4972fc7564667c6e542d2c6\" class=\"events-listing\">\n  <div class=\"container grid\">\n        <div class=\"events-block-wrapper\">\n      <div class=\"events-block\">\n        <h2>Fundraising Events<\/h2>\n\n                  <h3 class=\"text-tertiary\">The community gets involved<\/h3>\n        \n                  <div class=\"events-list swiper\"><div class=\"swiper-wrapper\">                      <div class=\"event swiper-slide\">\n              <div class=\"event-image\">\n                <a href=\"https:\/\/fondationhopitalsainteustache.com\/en\/event\/we-are-all-going-to-die\/\">\n                  <img decoding=\"async\" width=\"315\" height=\"220\" src=\"https:\/\/fondationhopitalsainteustache.com\/wp-content\/uploads\/2026\/04\/Tuile-3-315x220.png\" class=\"img-fluid rounded-topleft-corner wp-post-image\" alt=\"\" \/>                                  <\/a>\n              <\/div>\n              <div class=\"event-content\">\n                <a class=\"fs-600 text-tertiary\" href=\"https:\/\/fondationhopitalsainteustache.com\/en\/event\/we-are-all-going-to-die\/\">\n                  <h4 class=\"line-clamp \">&#8220;We\u2019re All Going to Die&#8221;: The New Must-See Comedy in Saint-Eustache!<\/h4>\n                <\/a>\n                <p class=\"line-clamp\">&#8220;We\u2019re All Going to Die&#8221;: The new must-see comedy in Saint-Eustache! Looking for a hilarious local cultural outing? La Troupelle du TPC is back on stage with a bold play that promises to keep you laughing from beginning to end (or until the very end!). The play &#8220;On va tous mourir&#8221; (We\u2019re All Going to &hellip; <a href=\"https:\/\/fondationhopitalsainteustache.com\/en\/event\/we-are-all-going-to-die\/\">Continued<\/a><\/p>\n                              <\/div>\n            <\/div>\n                      <div class=\"event swiper-slide\">\n              <div class=\"event-image\">\n                <a href=\"https:\/\/fondationhopitalsainteustache.com\/en\/event\/ensemble-on-roule-pour-la-fondation-2\/\">\n                  <img decoding=\"async\" width=\"315\" height=\"220\" src=\"https:\/\/fondationhopitalsainteustache.com\/wp-content\/uploads\/2026\/03\/Tuile-4-315x220.png\" class=\"img-fluid rounded-topleft-corner wp-post-image\" alt=\"\" \/>                                  <\/a>\n              <\/div>\n              <div class=\"event-content\">\n                <a class=\"fs-600 text-tertiary\" href=\"https:\/\/fondationhopitalsainteustache.com\/en\/event\/ensemble-on-roule-pour-la-fondation-2\/\">\n                  <h4 class=\"line-clamp \">Together, We Ride for the Foundation 2026<\/h4>\n                <\/a>\n                <p class=\"line-clamp\">An inspiring challenge in support of our community\u2019s health A route that brings together hope and sharing Following the resounding success of the first edition, which raised the impressive sum of $13,056, Richard Leclair, a dedicated volunteer and former patient of the Saint-Eustache Hospital, is hitting the road again for the health of our community. &hellip; <a href=\"https:\/\/fondationhopitalsainteustache.com\/en\/event\/ensemble-on-roule-pour-la-fondation-2\/\">Continued<\/a><\/p>\n                              <\/div>\n            <\/div>\n                      <div class=\"event swiper-slide\">\n              <div class=\"event-image\">\n                <a href=\"https:\/\/fondationhopitalsainteustache.com\/en\/event\/rechargeco-iga-rechargez-votre-vehicule-electrique\/\">\n                  <img decoding=\"async\" width=\"315\" height=\"220\" src=\"https:\/\/fondationhopitalsainteustache.com\/wp-content\/uploads\/2026\/03\/En-tete-1-200-x-628px-315x220.png\" class=\"img-fluid rounded-topleft-corner wp-post-image\" alt=\"\" \/>                                  <\/a>\n              <\/div>\n              <div class=\"event-content\">\n                <a class=\"fs-600 text-tertiary\" href=\"https:\/\/fondationhopitalsainteustache.com\/en\/event\/rechargeco-iga-rechargez-votre-vehicule-electrique\/\">\n                  <h4 class=\"line-clamp \">Recharg\u00c9co IGA: Charge Your Electric Vehicle!<\/h4>\n                <\/a>\n                <p class=\"line-clamp\">Together, let\u2019s recharge hope for a third year! Thanks to the involvement of Papillons.io and the entire team at IGA Extra Lamoureux Saint-Eustache, an everyday action such as charging your electric vehicle becomes a true gesture of human solidarity. Good news! For a third consecutive year, the Fondation H\u00f4pital Saint-Eustache has the privilege of being &hellip; <a href=\"https:\/\/fondationhopitalsainteustache.com\/en\/event\/rechargeco-iga-rechargez-votre-vehicule-electrique\/\">Continued<\/a><\/p>\n                              <\/div>\n            <\/div>\n                    <\/div><\/div>\n                      <a class=\"button\" href=\"https:\/\/fondationhopitalsainteustache.com\/en\/event-type\/community\/?event-status=active\">\n        See all events<\/a>\n\n      <\/div>\n    <\/div>\n        <div class=\"events-block-wrapper\">\n      <div class=\"events-block\">\n        <h2>Our News<\/h2>\n\n                  <h3 class=\"text-tertiary\">Stay informed<\/h3>\n        \n                  <div class=\"events-list \">                      <div class=\"event news flex\">\n              <div class=\"event-image\">\n                <a href=\"https:\/\/fondationhopitalsainteustache.com\/en\/the-saint-eustache-hospital-foundation-announces-the-5th-edition-of-its-roadblock-fundraiser\/\">\n                  <img decoding=\"async\" width=\"315\" height=\"220\" src=\"https:\/\/fondationhopitalsainteustache.com\/wp-content\/uploads\/2026\/03\/Barrage-routier_banniere-site-Web_1920-x-720-px-315x220.png\" class=\"img-fluid rounded-topleft-corner wp-post-image\" alt=\"\" \/>                                      <div class=\"date text-dark tablet-none\">\n                      <p class=\"day bg-secondary ff-heading\">1<\/p>\n                      <p class=\"month bg-light-primary ff-heading\">April<\/p>\n                      <p class=\"year bg-dark text-light-primary ff-heading\">2026<\/p>\n                    <\/div>\n                                  <\/a>\n              <\/div>\n              <div class=\"event-content\">\n                <a class=\"fs-600 text-tertiary\" href=\"https:\/\/fondationhopitalsainteustache.com\/en\/the-saint-eustache-hospital-foundation-announces-the-5th-edition-of-its-roadblock-fundraiser\/\">\n                  <h4 class=\"line-clamp  mobile-dark\">The Saint-Eustache Hospital Foundation announces the 5th edition of its Roadblock Fundraiser<\/h4>\n                <\/a>\n                <p class=\"line-clamp mobile-none\">The Saint-Eustache Hospital Foundation is pleased to announce the return of its traditional roadblock fundraiser, which will take place next Thursday, April 23! Every year, this spring event brings the community together for an important cause: supporting the purchase of state-of-the-art medical equipment for the Saint-Eustache Hospital and providing even more effective local care to &hellip; <a href=\"https:\/\/fondationhopitalsainteustache.com\/en\/the-saint-eustache-hospital-foundation-announces-the-5th-edition-of-its-roadblock-fundraiser\/\">Continued<\/a><\/p>\n                                  <p class=\"large-phone-only\">1 April 2026<\/p>\n                              <\/div>\n            <\/div>\n                      <div class=\"event news flex\">\n              <div class=\"event-image\">\n                <a href=\"https:\/\/fondationhopitalsainteustache.com\/en\/launch-of-the-7th-edition-of-the-surf-and-turf-feast\/\">\n                  <img decoding=\"async\" width=\"315\" height=\"220\" src=\"https:\/\/fondationhopitalsainteustache.com\/wp-content\/uploads\/2026\/02\/Site-web_Festin_26_1920x720px_centre2-315x220.png\" class=\"img-fluid rounded-topleft-corner wp-post-image\" alt=\"7e festin terre et mer Version centre\" \/>                                      <div class=\"date text-dark tablet-none\">\n                      <p class=\"day bg-secondary ff-heading\">20<\/p>\n                      <p class=\"month bg-light-primary ff-heading\">March<\/p>\n                      <p class=\"year bg-dark text-light-primary ff-heading\">2026<\/p>\n                    <\/div>\n                                  <\/a>\n              <\/div>\n              <div class=\"event-content\">\n                <a class=\"fs-600 text-tertiary\" href=\"https:\/\/fondationhopitalsainteustache.com\/en\/launch-of-the-7th-edition-of-the-surf-and-turf-feast\/\">\n                  <h4 class=\"line-clamp  mobile-dark\">Launch of the 7th edition of the Surf and Turf Feast<\/h4>\n                <\/a>\n                <p class=\"line-clamp mobile-none\">Saint-Eustache, March 19, 2026 \u2013 This Wednesday marked the launch of the 7th edition of the Surf and Turf Feast, which will be held on Thursday, May 21, 2026, starting at 6:00 p.m., at the Centre culturel et communautaire Th\u00e9r\u00e8se-De Blainville, located at 120 du S\u00e9minaire Blvd. in Sainte-Th\u00e9r\u00e8se. This benefit evening, in support of &hellip; <a href=\"https:\/\/fondationhopitalsainteustache.com\/en\/launch-of-the-7th-edition-of-the-surf-and-turf-feast\/\">Continued<\/a><\/p>\n                                  <p class=\"large-phone-only\">20 March 2026<\/p>\n                              <\/div>\n            <\/div>\n                      <div class=\"event news flex\">\n              <div class=\"event-image\">\n                <a href=\"https:\/\/fondationhopitalsainteustache.com\/en\/financement-de-deux-microscopes-optiques-grace-au-4e-souper-du-president-de-la-fondation-hopital-saint-eustache-qui-a-amasse-un-benefice-net-record-de-44-42481\/\">\n                  <img decoding=\"async\" width=\"315\" height=\"220\" src=\"https:\/\/fondationhopitalsainteustache.com\/wp-content\/uploads\/2026\/01\/Capture-decran-2026-01-23-115235-315x220.png\" class=\"img-fluid rounded-topleft-corner wp-post-image\" alt=\"Photo d\u00e9voilement\" \/>                                      <div class=\"date text-dark tablet-none\">\n                      <p class=\"day bg-secondary ff-heading\">23<\/p>\n                      <p class=\"month bg-light-primary ff-heading\">January<\/p>\n                      <p class=\"year bg-dark text-light-primary ff-heading\">2026<\/p>\n                    <\/div>\n                                  <\/a>\n              <\/div>\n              <div class=\"event-content\">\n                <a class=\"fs-600 text-tertiary\" href=\"https:\/\/fondationhopitalsainteustache.com\/en\/financement-de-deux-microscopes-optiques-grace-au-4e-souper-du-president-de-la-fondation-hopital-saint-eustache-qui-a-amasse-un-benefice-net-record-de-44-42481\/\">\n                  <h4 class=\"line-clamp  mobile-dark\">President\u2019s Dinner Raises $44,424 for Advanced Microscopes at Saint-Eustache Hospital<\/h4>\n                <\/a>\n                <p class=\"line-clamp mobile-none\">Saint-Eustache, January 23, 2026 \u2013 The President\u2019s Dinner of the Fondation H\u00f4pital Saint-Eustache (FHSE), held on Thursday, January 22 at the beautiful Chez Lionel restaurant in Sainte-Th\u00e9r\u00e8se, raised a record net profit of $44,424.81. These funds will enable the acquisition of two state-of-the-art optical microscopes for the Cytology and Hematology departments at Saint-Eustache Hospital. These &hellip; <a href=\"https:\/\/fondationhopitalsainteustache.com\/en\/financement-de-deux-microscopes-optiques-grace-au-4e-souper-du-president-de-la-fondation-hopital-saint-eustache-qui-a-amasse-un-benefice-net-record-de-44-42481\/\">Continued<\/a><\/p>\n                                  <p class=\"large-phone-only\">23 January 2026<\/p>\n                              <\/div>\n            <\/div>\n                    <\/div>\n                      <a class=\"button\" href=\"https:\/\/fondationhopitalsainteustache.com\/en\/news\/\">\n        See all news<\/a>\n\n      <\/div>\n    <\/div>\n      <\/div>\n<\/div>\n\n\n<div id=\"block_38960051872c77490729b62c5e31890d\" class=\"cta-image cta-home\">\n  <div class=\"container grid align-img-right\">\n          <div class=\"content-image\">\n        <img decoding=\"async\" width=\"448\" height=\"544\" src=\"https:\/\/fondationhopitalsainteustache.com\/wp-content\/uploads\/2023\/06\/Heart-Balloon-thankyou.png\" class=\"img-fluid\" alt=\"\" srcset=\"https:\/\/fondationhopitalsainteustache.com\/wp-content\/uploads\/2023\/06\/Heart-Balloon-thankyou.png 448w, https:\/\/fondationhopitalsainteustache.com\/wp-content\/uploads\/2023\/06\/Heart-Balloon-thankyou-181x220.png 181w, https:\/\/fondationhopitalsainteustache.com\/wp-content\/uploads\/2023\/06\/Heart-Balloon-thankyou-148x180.png 148w\" sizes=\"(max-width: 448px) 100vw, 448px\" \/>      <\/div>\n    \n    <div class=\"content-titles sub-before\">\n      <h2 class=\"text-light-primary\">Achievements<\/h2>\n\n              <h3 class=\"fs-600 text-tertiary\">Discover all our<\/h3>\n          <\/div>\n\n          <p>Thanks to your donations, the Fondation H\u00f4pital Saint-Eustache actively contributes to the improvement of health care and services offered at the Saint-Eustache Hospital.<\/p>\n    \n    <div class=\"content-links\">\n              <a class=\"button\" href=\"https:\/\/fondationhopitalsainteustache.com\/en\/achievements\/\">All our achievements<\/a>\n      \n          <\/div>\n  <\/div>\n<\/div>\n\n","protected":false},"excerpt":{"rendered":"","protected":false},"author":1,"featured_media":0,"parent":0,"menu_order":0,"comment_status":"closed","ping_status":"closed","template":"","meta":{"_acf_changed":false,"inline_featured_image":false,"footnotes":""},"class_list":["post-665","page","type-page","status-publish","hentry"],"acf":[],"yoast_head":"<!-- This site is optimized with the Yoast SEO plugin v26.0 - https:\/\/yoast.com\/wordpress\/plugins\/seo\/ -->\n<title>Saint-Eustache Hospital Foundation<\/title>\n<meta name=\"description\" content=\"Thanks to your donations, the Saint-Eustache Hospital Foundation contributes to the improvement of health care and services offered at Saint-Eustache Hospital.\" \/>\n<meta name=\"robots\" content=\"index, follow, max-snippet:-1, max-image-preview:large, max-video-preview:-1\" \/>\n<link rel=\"canonical\" href=\"https:\/\/fondationhopitalsainteustache.com\/en\/\" \/>\n<meta property=\"og:locale\" content=\"en_US\" \/>\n<meta property=\"og:type\" content=\"article\" \/>\n<meta property=\"og:title\" content=\"Saint-Eustache Hospital Foundation\" \/>\n<meta property=\"og:description\" content=\"Thanks to your donations, the Saint-Eustache Hospital Foundation contributes to the improvement of health care and services offered at Saint-Eustache Hospital.\" \/>\n<meta property=\"og:url\" content=\"https:\/\/fondationhopitalsainteustache.com\/en\/\" \/>\n<meta property=\"og:site_name\" content=\"Fondation Hopital Saint-Eustache\" \/>\n<meta property=\"article:modified_time\" content=\"2025-09-04T20:07:00+00:00\" \/>\n<meta property=\"og:image\" content=\"https:\/\/fondationhopitalsainteustache.com\/wp-content\/uploads\/2022\/02\/Linked-in-Cover-FHSE-1.png\" \/>\n\t<meta property=\"og:image:width\" content=\"520\" \/>\n\t<meta property=\"og:image:height\" content=\"272\" \/>\n\t<meta property=\"og:image:type\" content=\"image\/png\" \/>\n<meta name=\"twitter:card\" content=\"summary_large_image\" \/>\n<script type=\"application\/ld+json\" class=\"yoast-schema-graph\">{\"@context\":\"https:\/\/schema.org\",\"@graph\":[{\"@type\":\"WebPage\",\"@id\":\"https:\/\/fondationhopitalsainteustache.com\/en\/\",\"url\":\"https:\/\/fondationhopitalsainteustache.com\/en\/\",\"name\":\"Saint-Eustache Hospital Foundation\",\"isPartOf\":{\"@id\":\"https:\/\/fondationhopitalsainteustache.com\/#website\"},\"datePublished\":\"2022-01-10T20:33:58+00:00\",\"dateModified\":\"2025-09-04T20:07:00+00:00\",\"description\":\"Thanks to your donations, the Saint-Eustache Hospital Foundation contributes to the improvement of health care and services offered at Saint-Eustache Hospital.\",\"breadcrumb\":{\"@id\":\"https:\/\/fondationhopitalsainteustache.com\/en\/#breadcrumb\"},\"inLanguage\":\"en-US\",\"potentialAction\":[{\"@type\":\"ReadAction\",\"target\":[\"https:\/\/fondationhopitalsainteustache.com\/en\/\"]}]},{\"@type\":\"BreadcrumbList\",\"@id\":\"https:\/\/fondationhopitalsainteustache.com\/en\/#breadcrumb\",\"itemListElement\":[{\"@type\":\"ListItem\",\"position\":1,\"name\":\"Home\",\"item\":\"https:\/\/fondationhopitalsainteustache.com\/en\/\"},{\"@type\":\"ListItem\",\"position\":2,\"name\":\"Home\"}]},{\"@type\":\"WebSite\",\"@id\":\"https:\/\/fondationhopitalsainteustache.com\/#website\",\"url\":\"https:\/\/fondationhopitalsainteustache.com\/\",\"name\":\"Fondation Hopital Saint-Eustache\",\"description\":\"\",\"potentialAction\":[{\"@type\":\"SearchAction\",\"target\":{\"@type\":\"EntryPoint\",\"urlTemplate\":\"https:\/\/fondationhopitalsainteustache.com\/?s={search_term_string}\"},\"query-input\":{\"@type\":\"PropertyValueSpecification\",\"valueRequired\":true,\"valueName\":\"search_term_string\"}}],\"inLanguage\":\"en-US\"}]}<\/script>\n<!-- \/ Yoast SEO plugin. -->","yoast_head_json":{"title":"Saint-Eustache Hospital Foundation","description":"Thanks to your donations, the Saint-Eustache Hospital Foundation contributes to the improvement of health care and services offered at Saint-Eustache Hospital.","robots":{"index":"index","follow":"follow","max-snippet":"max-snippet:-1","max-image-preview":"max-image-preview:large","max-video-preview":"max-video-preview:-1"},"canonical":"https:\/\/fondationhopitalsainteustache.com\/en\/","og_locale":"en_US","og_type":"article","og_title":"Saint-Eustache Hospital Foundation","og_description":"Thanks to your donations, the Saint-Eustache Hospital Foundation contributes to the improvement of health care and services offered at Saint-Eustache Hospital.","og_url":"https:\/\/fondationhopitalsainteustache.com\/en\/","og_site_name":"Fondation Hopital Saint-Eustache","article_modified_time":"2025-09-04T20:07:00+00:00","og_image":[{"width":520,"height":272,"url":"https:\/\/fondationhopitalsainteustache.com\/wp-content\/uploads\/2022\/02\/Linked-in-Cover-FHSE-1.png","type":"image\/png"}],"twitter_card":"summary_large_image","schema":{"@context":"https:\/\/schema.org","@graph":[{"@type":"WebPage","@id":"https:\/\/fondationhopitalsainteustache.com\/en\/","url":"https:\/\/fondationhopitalsainteustache.com\/en\/","name":"Saint-Eustache Hospital Foundation","isPartOf":{"@id":"https:\/\/fondationhopitalsainteustache.com\/#website"},"datePublished":"2022-01-10T20:33:58+00:00","dateModified":"2025-09-04T20:07:00+00:00","description":"Thanks to your donations, the Saint-Eustache Hospital Foundation contributes to the improvement of health care and services offered at Saint-Eustache Hospital.","breadcrumb":{"@id":"https:\/\/fondationhopitalsainteustache.com\/en\/#breadcrumb"},"inLanguage":"en-US","potentialAction":[{"@type":"ReadAction","target":["https:\/\/fondationhopitalsainteustache.com\/en\/"]}]},{"@type":"BreadcrumbList","@id":"https:\/\/fondationhopitalsainteustache.com\/en\/#breadcrumb","itemListElement":[{"@type":"ListItem","position":1,"name":"Home","item":"https:\/\/fondationhopitalsainteustache.com\/en\/"},{"@type":"ListItem","position":2,"name":"Home"}]},{"@type":"WebSite","@id":"https:\/\/fondationhopitalsainteustache.com\/#website","url":"https:\/\/fondationhopitalsainteustache.com\/","name":"Fondation Hopital Saint-Eustache","description":"","potentialAction":[{"@type":"SearchAction","target":{"@type":"EntryPoint","urlTemplate":"https:\/\/fondationhopitalsainteustache.com\/?s={search_term_string}"},"query-input":{"@type":"PropertyValueSpecification","valueRequired":true,"valueName":"search_term_string"}}],"inLanguage":"en-US"}]}},"_links":{"self":[{"href":"https:\/\/fondationhopitalsainteustache.com\/en\/wp-json\/wp\/v2\/pages\/665","targetHints":{"allow":["GET"]}}],"collection":[{"href":"https:\/\/fondationhopitalsainteustache.com\/en\/wp-json\/wp\/v2\/pages"}],"about":[{"href":"https:\/\/fondationhopitalsainteustache.com\/en\/wp-json\/wp\/v2\/types\/page"}],"author":[{"embeddable":true,"href":"https:\/\/fondationhopitalsainteustache.com\/en\/wp-json\/wp\/v2\/users\/1"}],"replies":[{"embeddable":true,"href":"https:\/\/fondationhopitalsainteustache.com\/en\/wp-json\/wp\/v2\/comments?post=665"}],"version-history":[{"count":76,"href":"https:\/\/fondationhopitalsainteustache.com\/en\/wp-json\/wp\/v2\/pages\/665\/revisions"}],"predecessor-version":[{"id":14875,"href":"https:\/\/fondationhopitalsainteustache.com\/en\/wp-json\/wp\/v2\/pages\/665\/revisions\/14875"}],"wp:attachment":[{"href":"https:\/\/fondationhopitalsainteustache.com\/en\/wp-json\/wp\/v2\/media?parent=665"}],"curies":[{"name":"wp","href":"https:\/\/api.w.org\/{rel}","templated":true}]}}