{"id":12584,"date":"2025-03-11T14:32:43","date_gmt":"2025-03-11T18:32:43","guid":{"rendered":"https:\/\/fondationhopitalsainteustache.com\/?post_type=event&#038;p=12584"},"modified":"2025-04-10T11:10:50","modified_gmt":"2025-04-10T15:10:50","slug":"6e-edition-du-festin-terre-et-mer","status":"publish","type":"event","link":"https:\/\/fondationhopitalsainteustache.com\/en\/event\/6e-edition-du-festin-terre-et-mer\/","title":{"rendered":"Sixth Edition of the Surf and Turf Dinner"},"content":{"rendered":"\n<div class=\"wp-block-group event-description container is-layout-flow wp-block-group-is-layout-flow\">\n<h1 class=\"wp-block-heading\"><strong><strong>Sixth Edition of the Surf and Turf Dinner<\/strong><\/strong><\/h1>\n\n\n\n<p class=\"intro\">The <a href=\"https:\/\/fondationhopitalsainteustache.com\/en\/\">Fondation H\u00f4pital Saint-Eustache<\/a> is proud to announce the sixth edition of the surf and turf dinner, a must-attend benefit event scheduled for <strong>Thursday, May 22<\/strong>, beginning at <strong>6\u00a0p.m.<\/strong> at the <strong>Centre culturel et communautaire Th\u00e9r\u00e8se-De\u00a0Blainville<\/strong>.<\/p>\n<\/div>\n\n\n\n<div class=\"wp-block-group event-description container is-layout-flow wp-block-group-is-layout-flow\">\n<h2 class=\"wp-block-heading\"><strong><strong>A Gourmet and Festive Evening<\/strong><\/strong><\/h2>\n\n\n\n<p class=\"intro\">Under the co-presidency of Mrs.\u00a0Christine Beaudette, Mayor of <strong> <a href=\"https:\/\/www.ville.boisbriand.qc.ca\/\">Ville de Boisbriand<\/a>, <\/strong>and Mrs.\u00a0Julie Boivin, Mayor of<strong> <a href=\"https:\/\/www.villesadp.ca\/\">Ville de Sainte-Anne-Des-Plaines<\/a><\/strong>, this gastronomic event will gather 300 guests for an all-you-can-eat beef and lobster buffet, all for $300 per person*.<\/p>\n\n\n\n<p><em>*A portion of this amount will be issued as a tax receipt (the exact amount to be determined post-event)<\/em><\/p>\n\n\n\n<p>In addition to enjoying a gourmet meal, this evening offers a unique opportunity to support a great cause: acquiring state-of-the-art medical equipment to enhance healthcare for the Lower Laurentians community.<\/p>\n\n\n\n<p><strong>\ud83d\udccd Address:<\/strong> 120, boul. du S\u00e9minaire, Sainte-Th\u00e9r\u00e8se<\/p>\n\n\n\n<p><strong>\ud83c\udf9f\ufe0f Buy your ticket now!<\/strong><br><\/p>\n\n\n\n<div class=\"wp-block-buttons is-layout-flex wp-block-buttons-is-layout-flex\">\n<div class=\"wp-block-button\"><a class=\"wp-block-button__link wp-element-button\" href=\"https:\/\/www.jedonneenligne.org\/fhse\/HOMARD2025\/\"><strong>Buy a ticket or sponsorship<\/strong><\/a><\/div>\n<\/div>\n<\/div>\n\n\n\n<p><\/p>\n\n\n\n<div class=\"wp-block-group event-description container is-layout-flow wp-block-group-is-layout-flow\">\n<h3 class=\"wp-block-heading\"><strong><strong>Thank you to our co-chairwomen!<\/strong><\/strong><\/h3>\n\n\n\n<p class=\"intro\"><\/p>\n\n\n\n<figure class=\"wp-block-image size-large is-resized\"><img decoding=\"async\" width=\"1164\" height=\"485\" src=\"https:\/\/fondationhopitalsainteustache.com\/wp-content\/uploads\/2025\/03\/Site-web-Festin-terre-et-mer-1200x500px-1164x485.png\" alt=\"D\u00e9fi des copr\u00e9sidentes FHSE\" class=\"wp-image-12604\" style=\"width:1097px;height:auto\" srcset=\"https:\/\/fondationhopitalsainteustache.com\/wp-content\/uploads\/2025\/03\/Site-web-Festin-terre-et-mer-1200x500px-1164x485.png 1164w, https:\/\/fondationhopitalsainteustache.com\/wp-content\/uploads\/2025\/03\/Site-web-Festin-terre-et-mer-1200x500px-315x131.png 315w, https:\/\/fondationhopitalsainteustache.com\/wp-content\/uploads\/2025\/03\/Site-web-Festin-terre-et-mer-1200x500px-768x320.png 768w, https:\/\/fondationhopitalsainteustache.com\/wp-content\/uploads\/2025\/03\/Site-web-Festin-terre-et-mer-1200x500px-260x108.png 260w, https:\/\/fondationhopitalsainteustache.com\/wp-content\/uploads\/2025\/03\/Site-web-Festin-terre-et-mer-1200x500px.png 1200w\" sizes=\"(max-width: 1164px) 100vw, 1164px\" \/><\/figure>\n<\/div>\n\n\n\n<div class=\"wp-block-group event-description container is-layout-flow wp-block-group-is-layout-flow\">\n<h2 class=\"wp-block-heading\"><strong>Co-Chairwomen\u2019s Costume Challenge<\/strong><\/h2>\n\n\n\n<p class=\"intro\">Would you like to see Christine Beaudette and Julie Boivin dressed as sumo wrestlers at the event? They\u2019re challenging the community:<\/p>\n\n\n\n<p>\ud83c\udfaf <strong>Raise $3,000 in donations<\/strong> to see them dressed as sumo wrestlers during the surf and turf dinner. Participate now!<br><\/p>\n\n\n\n<div class=\"wp-block-buttons is-layout-flex wp-block-buttons-is-layout-flex\">\n<div class=\"wp-block-button\"><a class=\"wp-block-button__link has-text-align-center wp-element-button\" href=\"https:\/\/www.jedonneenligne.org\/fhse\/campagne\/evenementsdelacommunaute\/challenges\/view\/60d115b3-ff74-11ef-8f7c-0050560131d0\"><strong>Support the co-chairwomen<\/strong><\/a><\/div>\n<\/div>\n<\/div>\n\n\n\n<p><\/p>\n\n\n\n<div class=\"wp-block-group event-description container is-layout-flow wp-block-group-is-layout-flow\">\n<p><\/p>\n<\/div>\n\n\n\n<div class=\"wp-block-group event-description container is-layout-flow wp-block-group-is-layout-flow\">\n<h2 class=\"wp-block-heading\"><strong>Sponsor the event<\/strong><\/h2>\n\n\n\n<p class=\"intro\">Are you a company <strong>looking to support a worthy cause<\/strong> while <strong>getting exposure<\/strong>? Explore our various <strong>partnership options<\/strong>. We can also customize a partnership to fit your needs.<\/p>\n\n\n\n<p><\/p>\n\n\n\n<p>\ud83d\udcde <strong>Contact :<\/strong> H\u00e9l\u00e8ne Chr\u00e9tien, Development and Partnerships Director<br>\ud83d\udce9 <strong>Email :<\/strong> <a href=\"mailto:helene.chretien.hse@ssss.gouv.qc.ca\">helene.chretien.hse@ssss.gouv.qc.ca<\/a><br>\ud83d\udcf1 <strong>Phone :<\/strong> 450 473-6811, ext.42299\/cell\u00a0: 514 945-5597<\/p>\n\n\n\n<div class=\"wp-block-buttons is-layout-flex wp-block-buttons-is-layout-flex\">\n<div class=\"wp-block-button\"><a class=\"wp-block-button__link has-text-align-center wp-element-button\" href=\"https:\/\/www.canva.com\/design\/DAGe6MrwzS0\/zqreXul1c5x5G1OhgEP2fw\/view?utm_content=DAGe6MrwzS0&amp;utm_campaign=designshare&amp;utm_medium=link2&amp;utm_source=uniquelinks&amp;utlId=h23b34f38e1\"><strong>View the Partnership Plan<\/strong><\/a><\/div>\n<\/div>\n<\/div>\n\n\n\n<p><\/p>\n\n\n\n<div class=\"wp-block-group event-description container is-layout-flow wp-block-group-is-layout-flow\">\n<p><\/p>\n\n\n\n<h2 class=\"wp-block-heading\"><strong>Can\u2019t participate?<\/strong><\/h2>\n\n\n\n<p class=\"intro\">You can still donate through our purchase form by selecting the last option.<\/p>\n\n\n\n<div class=\"wp-block-buttons is-layout-flex wp-block-buttons-is-layout-flex\">\n<div class=\"wp-block-button\"><a class=\"wp-block-button__link wp-element-button\" href=\"https:\/\/www.jedonneenligne.org\/fhse\/HOMARD2025\/\">Donate<\/a><\/div>\n<\/div>\n<\/div>\n\n\n\n<div class=\"wp-block-group event-description container is-layout-flow wp-block-group-is-layout-flow\"><\/div>\n\n\n\n<p><\/p>\n\n\n\n<div class=\"wp-block-group event-description container is-layout-flow wp-block-group-is-layout-flow\">\n<h3 class=\"wp-block-heading has-text-align-center\"><strong>Merci \u00e0 Thank you all for your dedication and generosity. <\/strong><\/h3>\n\n\n\n<p class=\"has-text-align-center\"><strong>Together, let\u2019s make a difference for our hospital and community! <\/strong><\/p>\n\n\n\n<p class=\"has-text-align-center\"><\/p>\n\n\n\n<p class=\"intro\"><\/p>\n\n\n\n<p><\/p>\n<\/div>\n\n\n\n<h2 class=\"wp-block-heading\"><\/h2>\n\n\n\n<p><\/p>\n\n\n<!-- Slider main container -->\n<div class=\"gallery-slider-wrapper\">\n  <div class=\"container\">\n    <h2 class=\"text-center text-light-primary\">\n              2024 edition          <\/h2>\n  <\/div>\n  <div class=\"swiper gallery-slider\">\n    <!-- Additional required wrapper -->\n    <div class=\"swiper-wrapper\">\n              <div class=\"swiper-slide\">\n          <a href=\"https:\/\/fondationhopitalsainteustache.com\/wp-content\/uploads\/2025\/03\/fhse-festinterreetmer_2024-31.jpg\" class=\"glightbox\">\n            <img decoding=\"async\" src=\"https:\/\/fondationhopitalsainteustache.com\/wp-content\/uploads\/2025\/03\/fhse-festinterreetmer_2024-31.jpg\" alt=\"\" \/>\n          <\/a>\n        <\/div>\n              <div class=\"swiper-slide\">\n          <a href=\"https:\/\/fondationhopitalsainteustache.com\/wp-content\/uploads\/2025\/03\/fhse-festinterreetmer_2024-28.jpg\" class=\"glightbox\">\n            <img decoding=\"async\" src=\"https:\/\/fondationhopitalsainteustache.com\/wp-content\/uploads\/2025\/03\/fhse-festinterreetmer_2024-28.jpg\" alt=\"\" \/>\n          <\/a>\n        <\/div>\n              <div class=\"swiper-slide\">\n          <a href=\"https:\/\/fondationhopitalsainteustache.com\/wp-content\/uploads\/2025\/03\/fhse-festinterreetmer_2024-26.jpg\" class=\"glightbox\">\n            <img decoding=\"async\" src=\"https:\/\/fondationhopitalsainteustache.com\/wp-content\/uploads\/2025\/03\/fhse-festinterreetmer_2024-26-1024x860.jpg\" alt=\"\" \/>\n          <\/a>\n        <\/div>\n              <div class=\"swiper-slide\">\n          <a href=\"https:\/\/fondationhopitalsainteustache.com\/wp-content\/uploads\/2025\/03\/fhse-festinterreetmer_2024-2.jpg\" class=\"glightbox\">\n            <img decoding=\"async\" src=\"https:\/\/fondationhopitalsainteustache.com\/wp-content\/uploads\/2025\/03\/fhse-festinterreetmer_2024-2.jpg\" alt=\"\" \/>\n          <\/a>\n        <\/div>\n              <div class=\"swiper-slide\">\n          <a href=\"https:\/\/fondationhopitalsainteustache.com\/wp-content\/uploads\/2025\/03\/fhse-festinterreetmer_2024-3.jpg\" class=\"glightbox\">\n            <img decoding=\"async\" src=\"https:\/\/fondationhopitalsainteustache.com\/wp-content\/uploads\/2025\/03\/fhse-festinterreetmer_2024-3.jpg\" alt=\"\" \/>\n          <\/a>\n        <\/div>\n              <div class=\"swiper-slide\">\n          <a href=\"https:\/\/fondationhopitalsainteustache.com\/wp-content\/uploads\/2025\/03\/fhse-festinterreetmer_2024-5.jpg\" class=\"glightbox\">\n            <img decoding=\"async\" src=\"https:\/\/fondationhopitalsainteustache.com\/wp-content\/uploads\/2025\/03\/fhse-festinterreetmer_2024-5.jpg\" alt=\"\" \/>\n          <\/a>\n        <\/div>\n              <div class=\"swiper-slide\">\n          <a href=\"https:\/\/fondationhopitalsainteustache.com\/wp-content\/uploads\/2025\/03\/fhse-festinterreetmer_2024-6.jpg\" class=\"glightbox\">\n            <img decoding=\"async\" src=\"https:\/\/fondationhopitalsainteustache.com\/wp-content\/uploads\/2025\/03\/fhse-festinterreetmer_2024-6.jpg\" alt=\"\" \/>\n          <\/a>\n        <\/div>\n              <div class=\"swiper-slide\">\n          <a href=\"https:\/\/fondationhopitalsainteustache.com\/wp-content\/uploads\/2025\/03\/fhse-festinterreetmer_2024-35.jpg\" class=\"glightbox\">\n            <img decoding=\"async\" src=\"https:\/\/fondationhopitalsainteustache.com\/wp-content\/uploads\/2025\/03\/fhse-festinterreetmer_2024-35-1024x860.jpg\" alt=\"\" \/>\n          <\/a>\n        <\/div>\n              <div class=\"swiper-slide\">\n          <a href=\"https:\/\/fondationhopitalsainteustache.com\/wp-content\/uploads\/2025\/03\/fhse-festinterreetmer_2024-34.jpg\" class=\"glightbox\">\n            <img decoding=\"async\" src=\"https:\/\/fondationhopitalsainteustache.com\/wp-content\/uploads\/2025\/03\/fhse-festinterreetmer_2024-34.jpg\" alt=\"\" \/>\n          <\/a>\n        <\/div>\n              <div class=\"swiper-slide\">\n          <a href=\"https:\/\/fondationhopitalsainteustache.com\/wp-content\/uploads\/2025\/03\/fhse-festinterreetmer_2024-1.jpg\" class=\"glightbox\">\n            <img decoding=\"async\" src=\"https:\/\/fondationhopitalsainteustache.com\/wp-content\/uploads\/2025\/03\/fhse-festinterreetmer_2024-1.jpg\" alt=\"\" \/>\n          <\/a>\n        <\/div>\n              <div class=\"swiper-slide\">\n          <a href=\"https:\/\/fondationhopitalsainteustache.com\/wp-content\/uploads\/2025\/03\/fhse-festinterreetmer_2024-50.jpg\" class=\"glightbox\">\n            <img decoding=\"async\" src=\"https:\/\/fondationhopitalsainteustache.com\/wp-content\/uploads\/2025\/03\/fhse-festinterreetmer_2024-50.jpg\" alt=\"\" \/>\n          <\/a>\n        <\/div>\n              <div class=\"swiper-slide\">\n          <a href=\"https:\/\/fondationhopitalsainteustache.com\/wp-content\/uploads\/2025\/03\/fhse-festinterreetmer_2024-32.jpg\" class=\"glightbox\">\n            <img decoding=\"async\" src=\"https:\/\/fondationhopitalsainteustache.com\/wp-content\/uploads\/2025\/03\/fhse-festinterreetmer_2024-32-1024x860.jpg\" alt=\"\" \/>\n          <\/a>\n        <\/div>\n              <div class=\"swiper-slide\">\n          <a href=\"https:\/\/fondationhopitalsainteustache.com\/wp-content\/uploads\/2025\/03\/fhse-festinterreetmer_2024-60.jpg\" class=\"glightbox\">\n            <img decoding=\"async\" src=\"https:\/\/fondationhopitalsainteustache.com\/wp-content\/uploads\/2025\/03\/fhse-festinterreetmer_2024-60.jpg\" alt=\"\" \/>\n          <\/a>\n        <\/div>\n              <div class=\"swiper-slide\">\n          <a href=\"https:\/\/fondationhopitalsainteustache.com\/wp-content\/uploads\/2025\/03\/fhse-festinterreetmer_2024-64.jpg\" class=\"glightbox\">\n            <img decoding=\"async\" src=\"https:\/\/fondationhopitalsainteustache.com\/wp-content\/uploads\/2025\/03\/fhse-festinterreetmer_2024-64.jpg\" alt=\"\" \/>\n          <\/a>\n        <\/div>\n              <div class=\"swiper-slide\">\n          <a href=\"https:\/\/fondationhopitalsainteustache.com\/wp-content\/uploads\/2025\/03\/fhse-festinterreetmer_2024-82.jpg\" class=\"glightbox\">\n            <img decoding=\"async\" src=\"https:\/\/fondationhopitalsainteustache.com\/wp-content\/uploads\/2025\/03\/fhse-festinterreetmer_2024-82.jpg\" alt=\"\" \/>\n          <\/a>\n        <\/div>\n              <div class=\"swiper-slide\">\n          <a href=\"https:\/\/fondationhopitalsainteustache.com\/wp-content\/uploads\/2025\/03\/fhse-festinterreetmer_2024-86.jpg\" class=\"glightbox\">\n            <img decoding=\"async\" src=\"https:\/\/fondationhopitalsainteustache.com\/wp-content\/uploads\/2025\/03\/fhse-festinterreetmer_2024-86.jpg\" alt=\"\" \/>\n          <\/a>\n        <\/div>\n              <div class=\"swiper-slide\">\n          <a href=\"https:\/\/fondationhopitalsainteustache.com\/wp-content\/uploads\/2025\/03\/fhse-festinterreetmer_2024-87.jpg\" class=\"glightbox\">\n            <img decoding=\"async\" src=\"https:\/\/fondationhopitalsainteustache.com\/wp-content\/uploads\/2025\/03\/fhse-festinterreetmer_2024-87.jpg\" alt=\"\" \/>\n          <\/a>\n        <\/div>\n              <div class=\"swiper-slide\">\n          <a href=\"https:\/\/fondationhopitalsainteustache.com\/wp-content\/uploads\/2025\/03\/fhse-festinterreetmer_2024-96.jpg\" class=\"glightbox\">\n            <img decoding=\"async\" src=\"https:\/\/fondationhopitalsainteustache.com\/wp-content\/uploads\/2025\/03\/fhse-festinterreetmer_2024-96.jpg\" alt=\"\" \/>\n          <\/a>\n        <\/div>\n              <div class=\"swiper-slide\">\n          <a href=\"https:\/\/fondationhopitalsainteustache.com\/wp-content\/uploads\/2025\/03\/fhse-festinterreetmer_2024-103.jpg\" class=\"glightbox\">\n            <img decoding=\"async\" src=\"https:\/\/fondationhopitalsainteustache.com\/wp-content\/uploads\/2025\/03\/fhse-festinterreetmer_2024-103.jpg\" alt=\"\" \/>\n          <\/a>\n        <\/div>\n              <div class=\"swiper-slide\">\n          <a href=\"https:\/\/fondationhopitalsainteustache.com\/wp-content\/uploads\/2025\/03\/fhse-festinterreetmer_2024-116.jpg\" class=\"glightbox\">\n            <img decoding=\"async\" src=\"https:\/\/fondationhopitalsainteustache.com\/wp-content\/uploads\/2025\/03\/fhse-festinterreetmer_2024-116.jpg\" alt=\"\" \/>\n          <\/a>\n        <\/div>\n              <div class=\"swiper-slide\">\n          <a href=\"https:\/\/fondationhopitalsainteustache.com\/wp-content\/uploads\/2025\/03\/fhse-festinterreetmer_2024-118.jpg\" class=\"glightbox\">\n            <img decoding=\"async\" src=\"https:\/\/fondationhopitalsainteustache.com\/wp-content\/uploads\/2025\/03\/fhse-festinterreetmer_2024-118.jpg\" alt=\"\" \/>\n          <\/a>\n        <\/div>\n              <div class=\"swiper-slide\">\n          <a href=\"https:\/\/fondationhopitalsainteustache.com\/wp-content\/uploads\/2025\/03\/fhse-festinterreetmer_2024-119.jpg\" class=\"glightbox\">\n            <img decoding=\"async\" src=\"https:\/\/fondationhopitalsainteustache.com\/wp-content\/uploads\/2025\/03\/fhse-festinterreetmer_2024-119.jpg\" alt=\"\" \/>\n          <\/a>\n        <\/div>\n              <div class=\"swiper-slide\">\n          <a href=\"https:\/\/fondationhopitalsainteustache.com\/wp-content\/uploads\/2025\/03\/fhse-festinterreetmer_2024-131.jpg\" class=\"glightbox\">\n            <img decoding=\"async\" src=\"https:\/\/fondationhopitalsainteustache.com\/wp-content\/uploads\/2025\/03\/fhse-festinterreetmer_2024-131.jpg\" alt=\"\" \/>\n          <\/a>\n        <\/div>\n              <div class=\"swiper-slide\">\n          <a href=\"https:\/\/fondationhopitalsainteustache.com\/wp-content\/uploads\/2025\/03\/fhse-festinterreetmer_2024-141.jpg\" class=\"glightbox\">\n            <img decoding=\"async\" src=\"https:\/\/fondationhopitalsainteustache.com\/wp-content\/uploads\/2025\/03\/fhse-festinterreetmer_2024-141.jpg\" alt=\"\" \/>\n          <\/a>\n        <\/div>\n              <div class=\"swiper-slide\">\n          <a href=\"https:\/\/fondationhopitalsainteustache.com\/wp-content\/uploads\/2025\/03\/fhse-festinterreetmer_2024-149.jpg\" class=\"glightbox\">\n            <img decoding=\"async\" src=\"https:\/\/fondationhopitalsainteustache.com\/wp-content\/uploads\/2025\/03\/fhse-festinterreetmer_2024-149.jpg\" alt=\"\" \/>\n          <\/a>\n        <\/div>\n              <div class=\"swiper-slide\">\n          <a href=\"https:\/\/fondationhopitalsainteustache.com\/wp-content\/uploads\/2025\/03\/fhse-festinterreetmer_2024-153.jpg\" class=\"glightbox\">\n            <img decoding=\"async\" src=\"https:\/\/fondationhopitalsainteustache.com\/wp-content\/uploads\/2025\/03\/fhse-festinterreetmer_2024-153.jpg\" alt=\"\" \/>\n          <\/a>\n        <\/div>\n              <div class=\"swiper-slide\">\n          <a href=\"https:\/\/fondationhopitalsainteustache.com\/wp-content\/uploads\/2025\/03\/fhse-festinterreetmer_2024-163.jpg\" class=\"glightbox\">\n            <img decoding=\"async\" src=\"https:\/\/fondationhopitalsainteustache.com\/wp-content\/uploads\/2025\/03\/fhse-festinterreetmer_2024-163.jpg\" alt=\"\" \/>\n          <\/a>\n        <\/div>\n          <\/div>\n    <div class=\"swiper-button-prev\"><\/div>\n    <div class=\"swiper-button-next\"><\/div>\n  <\/div>\n<\/div>\n\n\n<div id=\"block_b2ee40b770c75548c5e612cf7c33bda3\" class=\"partners event-partners\">\n  <div class=\"container\">\n    <h2>Thank you to our generous partners!<\/h2>\n\n          <div class=\"partners-section\">\n        <h3 class=\"uppercase\">Presenting partner<\/h3>\n\n        <div class=\"partner-logos grid\">\n                      <div class=\"partner\">\n                              <a class=\"partner-link\" href=\"https:\/\/www.desjardins.com\/\">\n                              <img decoding=\"async\" width=\"580\" height=\"335\" src=\"https:\/\/fondationhopitalsainteustache.com\/wp-content\/uploads\/2025\/03\/Sans-titre-1-580x335.png\" class=\"attachment-archive_thumbnail size-archive_thumbnail\" alt=\"logo desjardins\" \/>                              <\/a>\n                          <\/div>\n                  <\/div>\n      <\/div>\n          <div class=\"partners-section\">\n        <h3 class=\"uppercase\">Lobster station partner and beef station partner<\/h3>\n\n        <div class=\"partner-logos grid\">\n                      <div class=\"partner\">\n                              <a class=\"partner-link\" href=\"https:\/\/www.assnat.qc.ca\/fr\/deputes\/charette-benoit-195\/biographie.html \">\n                              <img decoding=\"async\" width=\"315\" height=\"180\" src=\"https:\/\/fondationhopitalsainteustache.com\/wp-content\/uploads\/2025\/03\/Charette_Benoit_Final-1-315x180.jpg\" class=\"attachment-medium size-medium\" alt=\"benoit charette\" srcset=\"https:\/\/fondationhopitalsainteustache.com\/wp-content\/uploads\/2025\/03\/Charette_Benoit_Final-1-315x180.jpg 315w, https:\/\/fondationhopitalsainteustache.com\/wp-content\/uploads\/2025\/03\/Charette_Benoit_Final-1-1164x665.jpg 1164w, https:\/\/fondationhopitalsainteustache.com\/wp-content\/uploads\/2025\/03\/Charette_Benoit_Final-1-768x439.jpg 768w, https:\/\/fondationhopitalsainteustache.com\/wp-content\/uploads\/2025\/03\/Charette_Benoit_Final-1-1536x878.jpg 1536w, https:\/\/fondationhopitalsainteustache.com\/wp-content\/uploads\/2025\/03\/Charette_Benoit_Final-1-260x149.jpg 260w, https:\/\/fondationhopitalsainteustache.com\/wp-content\/uploads\/2025\/03\/Charette_Benoit_Final-1.jpg 1920w\" sizes=\"(max-width: 315px) 100vw, 315px\" \/>                              <\/a>\n                          <\/div>\n                      <div class=\"partner\">\n                              <a class=\"partner-link\" href=\"https:\/\/www.assnat.qc.ca\/fr\/deputes\/d-amours-sylvie-15399\/biographie.html \">\n                              <img decoding=\"async\" width=\"315\" height=\"180\" src=\"https:\/\/fondationhopitalsainteustache.com\/wp-content\/uploads\/2025\/03\/DAmour_S_afpho-002-315x180.jpg\" class=\"attachment-medium size-medium\" alt=\"\" srcset=\"https:\/\/fondationhopitalsainteustache.com\/wp-content\/uploads\/2025\/03\/DAmour_S_afpho-002-315x180.jpg 315w, https:\/\/fondationhopitalsainteustache.com\/wp-content\/uploads\/2025\/03\/DAmour_S_afpho-002-1164x665.jpg 1164w, https:\/\/fondationhopitalsainteustache.com\/wp-content\/uploads\/2025\/03\/DAmour_S_afpho-002-768x439.jpg 768w, https:\/\/fondationhopitalsainteustache.com\/wp-content\/uploads\/2025\/03\/DAmour_S_afpho-002-1536x878.jpg 1536w, https:\/\/fondationhopitalsainteustache.com\/wp-content\/uploads\/2025\/03\/DAmour_S_afpho-002-260x149.jpg 260w, https:\/\/fondationhopitalsainteustache.com\/wp-content\/uploads\/2025\/03\/DAmour_S_afpho-002.jpg 1920w\" sizes=\"(max-width: 315px) 100vw, 315px\" \/>                              <\/a>\n                          <\/div>\n                      <div class=\"partner\">\n                              <a class=\"partner-link\" href=\"https:\/\/www.assnat.qc.ca\/fr\/deputes\/girard-eric-17929\/biographie.html \">\n                              <img decoding=\"async\" width=\"315\" height=\"180\" src=\"https:\/\/fondationhopitalsainteustache.com\/wp-content\/uploads\/2025\/03\/Eric-Girard-315x180.png\" class=\"attachment-medium size-medium\" alt=\"\" srcset=\"https:\/\/fondationhopitalsainteustache.com\/wp-content\/uploads\/2025\/03\/Eric-Girard-315x180.png 315w, https:\/\/fondationhopitalsainteustache.com\/wp-content\/uploads\/2025\/03\/Eric-Girard-1164x664.png 1164w, https:\/\/fondationhopitalsainteustache.com\/wp-content\/uploads\/2025\/03\/Eric-Girard-768x438.png 768w, https:\/\/fondationhopitalsainteustache.com\/wp-content\/uploads\/2025\/03\/Eric-Girard-1536x876.png 1536w, https:\/\/fondationhopitalsainteustache.com\/wp-content\/uploads\/2025\/03\/Eric-Girard-260x148.png 260w, https:\/\/fondationhopitalsainteustache.com\/wp-content\/uploads\/2025\/03\/Eric-Girard.png 1594w\" sizes=\"(max-width: 315px) 100vw, 315px\" \/>                              <\/a>\n                          <\/div>\n                      <div class=\"partner\">\n                              <a class=\"partner-link\" href=\"https:\/\/www.assnat.qc.ca\/fr\/deputes\/laframboise-mario-15357\/biographie.html \">\n                              <img decoding=\"async\" width=\"315\" height=\"180\" src=\"https:\/\/fondationhopitalsainteustache.com\/wp-content\/uploads\/2025\/03\/Design-sans-titre-315x180.png\" class=\"attachment-medium size-medium\" alt=\"\" srcset=\"https:\/\/fondationhopitalsainteustache.com\/wp-content\/uploads\/2025\/03\/Design-sans-titre-315x180.png 315w, https:\/\/fondationhopitalsainteustache.com\/wp-content\/uploads\/2025\/03\/Design-sans-titre-768x438.png 768w, https:\/\/fondationhopitalsainteustache.com\/wp-content\/uploads\/2025\/03\/Design-sans-titre-260x148.png 260w, https:\/\/fondationhopitalsainteustache.com\/wp-content\/uploads\/2025\/03\/Design-sans-titre.png 842w\" sizes=\"(max-width: 315px) 100vw, 315px\" \/>                              <\/a>\n                          <\/div>\n                      <div class=\"partner\">\n                              <a class=\"partner-link\" href=\"https:\/\/www.assnat.qc.ca\/fr\/deputes\/lecours-lucie-17949\/coordonnees.html\">\n                              <img decoding=\"async\" width=\"315\" height=\"191\" src=\"https:\/\/fondationhopitalsainteustache.com\/wp-content\/uploads\/2025\/03\/carte_affaires_lucie_lecours-315x191.png\" class=\"attachment-medium size-medium\" alt=\"lucie lecours\" srcset=\"https:\/\/fondationhopitalsainteustache.com\/wp-content\/uploads\/2025\/03\/carte_affaires_lucie_lecours-315x191.png 315w, https:\/\/fondationhopitalsainteustache.com\/wp-content\/uploads\/2025\/03\/carte_affaires_lucie_lecours-1164x705.png 1164w, https:\/\/fondationhopitalsainteustache.com\/wp-content\/uploads\/2025\/03\/carte_affaires_lucie_lecours-768x466.png 768w, https:\/\/fondationhopitalsainteustache.com\/wp-content\/uploads\/2025\/03\/carte_affaires_lucie_lecours-1536x931.png 1536w, https:\/\/fondationhopitalsainteustache.com\/wp-content\/uploads\/2025\/03\/carte_affaires_lucie_lecours-260x158.png 260w, https:\/\/fondationhopitalsainteustache.com\/wp-content\/uploads\/2025\/03\/carte_affaires_lucie_lecours.png 1920w\" sizes=\"(max-width: 315px) 100vw, 315px\" \/>                              <\/a>\n                          <\/div>\n                  <\/div>\n      <\/div>\n          <div class=\"partners-section\">\n        <h3 class=\"uppercase\">Cocktail partner<\/h3>\n\n        <div class=\"partner-logos grid\">\n                      <div class=\"partner\">\n                              <a class=\"partner-link\" href=\"https:\/\/groupetrivium.com\/\">\n                              <img decoding=\"async\" width=\"315\" height=\"89\" src=\"https:\/\/fondationhopitalsainteustache.com\/wp-content\/uploads\/2025\/03\/Logo_CMYK-315x89.jpg\" class=\"attachment-medium size-medium\" alt=\"logo trivium\" srcset=\"https:\/\/fondationhopitalsainteustache.com\/wp-content\/uploads\/2025\/03\/Logo_CMYK-315x89.jpg 315w, https:\/\/fondationhopitalsainteustache.com\/wp-content\/uploads\/2025\/03\/Logo_CMYK-1164x329.jpg 1164w, https:\/\/fondationhopitalsainteustache.com\/wp-content\/uploads\/2025\/03\/Logo_CMYK-768x217.jpg 768w, https:\/\/fondationhopitalsainteustache.com\/wp-content\/uploads\/2025\/03\/Logo_CMYK-1536x434.jpg 1536w, https:\/\/fondationhopitalsainteustache.com\/wp-content\/uploads\/2025\/03\/Logo_CMYK-260x74.jpg 260w, https:\/\/fondationhopitalsainteustache.com\/wp-content\/uploads\/2025\/03\/Logo_CMYK.jpg 1920w\" sizes=\"(max-width: 315px) 100vw, 315px\" \/>                              <\/a>\n                          <\/div>\n                  <\/div>\n      <\/div>\n          <div class=\"partners-section\">\n        <h3 class=\"uppercase\">Wine partner<\/h3>\n\n        <div class=\"partner-logos grid\">\n                      <div class=\"partner\">\n                              <a class=\"partner-link\" href=\"https:\/\/www.canadiantire.ca\/en\/store-details\/qc\/st-eustache-qc-218.html?utm_source=google&#038;utm_medium=lss&#038;utm_content=218 \">\n                              <img decoding=\"async\" width=\"248\" height=\"220\" src=\"https:\/\/fondationhopitalsainteustache.com\/wp-content\/uploads\/2025\/03\/CT_Classic_StdKey_RGB-1-248x220.png\" class=\"attachment-medium size-medium\" alt=\"logo canadian tire\" srcset=\"https:\/\/fondationhopitalsainteustache.com\/wp-content\/uploads\/2025\/03\/CT_Classic_StdKey_RGB-1-248x220.png 248w, https:\/\/fondationhopitalsainteustache.com\/wp-content\/uploads\/2025\/03\/CT_Classic_StdKey_RGB-1-130x115.png 130w, https:\/\/fondationhopitalsainteustache.com\/wp-content\/uploads\/2025\/03\/CT_Classic_StdKey_RGB-1-203x180.png 203w, https:\/\/fondationhopitalsainteustache.com\/wp-content\/uploads\/2025\/03\/CT_Classic_StdKey_RGB-1.png 742w\" sizes=\"(max-width: 248px) 100vw, 248px\" \/>                              <\/a>\n                          <\/div>\n                  <\/div>\n      <\/div>\n          <div class=\"partners-section\">\n        <h3 class=\"uppercase\">Hot buffet partner<\/h3>\n\n        <div class=\"partner-logos grid\">\n                      <div class=\"partner\">\n                              <a class=\"partner-link\" href=\"https:\/\/stablex.com\/\">\n                              <img decoding=\"async\" width=\"315\" height=\"158\" src=\"https:\/\/fondationhopitalsainteustache.com\/wp-content\/uploads\/2025\/03\/StablexLogoRepublic-315x158.png\" class=\"attachment-medium size-medium\" alt=\"logo stablex\" srcset=\"https:\/\/fondationhopitalsainteustache.com\/wp-content\/uploads\/2025\/03\/StablexLogoRepublic-315x158.png 315w, https:\/\/fondationhopitalsainteustache.com\/wp-content\/uploads\/2025\/03\/StablexLogoRepublic-260x130.png 260w, https:\/\/fondationhopitalsainteustache.com\/wp-content\/uploads\/2025\/03\/StablexLogoRepublic.png 720w\" sizes=\"(max-width: 315px) 100vw, 315px\" \/>                              <\/a>\n                          <\/div>\n                  <\/div>\n      <\/div>\n          <div class=\"partners-section\">\n        <h3 class=\"uppercase\">Media partner<\/h3>\n\n        <div class=\"partner-logos grid\">\n                      <div class=\"partner\">\n                              <a class=\"partner-link\" href=\"https:\/\/nordinfo.com\/\">\n                              <img decoding=\"async\" width=\"315\" height=\"90\" src=\"https:\/\/fondationhopitalsainteustache.com\/wp-content\/uploads\/2025\/03\/Nordinfo-315x90.png\" class=\"attachment-medium size-medium\" alt=\"logo nord info\" srcset=\"https:\/\/fondationhopitalsainteustache.com\/wp-content\/uploads\/2025\/03\/Nordinfo-315x90.png 315w, https:\/\/fondationhopitalsainteustache.com\/wp-content\/uploads\/2025\/03\/Nordinfo-768x220.png 768w, https:\/\/fondationhopitalsainteustache.com\/wp-content\/uploads\/2025\/03\/Nordinfo-260x75.png 260w, https:\/\/fondationhopitalsainteustache.com\/wp-content\/uploads\/2025\/03\/Nordinfo.png 833w\" sizes=\"(max-width: 315px) 100vw, 315px\" \/>                              <\/a>\n                          <\/div>\n                  <\/div>\n      <\/div>\n          <div class=\"partners-section\">\n        <h3 class=\"uppercase\">Venue partner<\/h3>\n\n        <div class=\"partner-logos grid\">\n                      <div class=\"partner\">\n                              <a class=\"partner-link\" href=\"https:\/\/www.sainte-therese.ca\/\">\n                              <img decoding=\"async\" width=\"293\" height=\"220\" src=\"https:\/\/fondationhopitalsainteustache.com\/wp-content\/uploads\/2025\/03\/Logo_VST_RGB-300-293x220.png\" class=\"attachment-medium size-medium\" alt=\"logo ville de sainte th\u00e9r\u00e8se\" srcset=\"https:\/\/fondationhopitalsainteustache.com\/wp-content\/uploads\/2025\/03\/Logo_VST_RGB-300-293x220.png 293w, https:\/\/fondationhopitalsainteustache.com\/wp-content\/uploads\/2025\/03\/Logo_VST_RGB-300-940x705.png 940w, https:\/\/fondationhopitalsainteustache.com\/wp-content\/uploads\/2025\/03\/Logo_VST_RGB-300-768x576.png 768w, https:\/\/fondationhopitalsainteustache.com\/wp-content\/uploads\/2025\/03\/Logo_VST_RGB-300-1536x1152.png 1536w, https:\/\/fondationhopitalsainteustache.com\/wp-content\/uploads\/2025\/03\/Logo_VST_RGB-300-240x180.png 240w, https:\/\/fondationhopitalsainteustache.com\/wp-content\/uploads\/2025\/03\/Logo_VST_RGB-300.png 1920w\" sizes=\"(max-width: 293px) 100vw, 293px\" \/>                              <\/a>\n                          <\/div>\n                  <\/div>\n      <\/div>\n          <div class=\"partners-section\">\n        <h3 class=\"uppercase\">Cleaning wipes partner <\/h3>\n\n        <div class=\"partner-logos grid\">\n                      <div class=\"partner\">\n                              <a class=\"partner-link\" href=\"https:\/\/www.betondeuxmontagnes.ca\/\">\n                              <img decoding=\"async\" width=\"300\" height=\"200\" src=\"https:\/\/fondationhopitalsainteustache.com\/wp-content\/uploads\/2025\/03\/beton-deux-montagnes_logo-retina.jpg\" class=\"attachment-medium size-medium\" alt=\"logo b\u00e9ton deux montagnes\" srcset=\"https:\/\/fondationhopitalsainteustache.com\/wp-content\/uploads\/2025\/03\/beton-deux-montagnes_logo-retina.jpg 300w, https:\/\/fondationhopitalsainteustache.com\/wp-content\/uploads\/2025\/03\/beton-deux-montagnes_logo-retina-260x173.jpg 260w\" sizes=\"(max-width: 300px) 100vw, 300px\" \/>                              <\/a>\n                          <\/div>\n                  <\/div>\n      <\/div>\n          <div class=\"partners-section\">\n        <h3 class=\"uppercase\">Centrepieces partner<\/h3>\n\n        <div class=\"partner-logos grid\">\n                      <div class=\"partner\">\n                              <a class=\"partner-link\" href=\"https:\/\/centrejardinbarbe.com\/\">\n                              <img decoding=\"async\" width=\"315\" height=\"143\" src=\"https:\/\/fondationhopitalsainteustache.com\/wp-content\/uploads\/2025\/03\/Logo-Centre-Jardin-JBarbe_couleur_-315x143.jpg\" class=\"attachment-medium size-medium\" alt=\"logo jardin barbe\" srcset=\"https:\/\/fondationhopitalsainteustache.com\/wp-content\/uploads\/2025\/03\/Logo-Centre-Jardin-JBarbe_couleur_-315x143.jpg 315w, https:\/\/fondationhopitalsainteustache.com\/wp-content\/uploads\/2025\/03\/Logo-Centre-Jardin-JBarbe_couleur_-1164x527.jpg 1164w, https:\/\/fondationhopitalsainteustache.com\/wp-content\/uploads\/2025\/03\/Logo-Centre-Jardin-JBarbe_couleur_-768x348.jpg 768w, https:\/\/fondationhopitalsainteustache.com\/wp-content\/uploads\/2025\/03\/Logo-Centre-Jardin-JBarbe_couleur_-1536x696.jpg 1536w, https:\/\/fondationhopitalsainteustache.com\/wp-content\/uploads\/2025\/03\/Logo-Centre-Jardin-JBarbe_couleur_-260x118.jpg 260w, https:\/\/fondationhopitalsainteustache.com\/wp-content\/uploads\/2025\/03\/Logo-Centre-Jardin-JBarbe_couleur_.jpg 1920w\" sizes=\"(max-width: 315px) 100vw, 315px\" \/>                              <\/a>\n                          <\/div>\n                  <\/div>\n      <\/div>\n          <div class=\"partners-section\">\n        <h3 class=\"uppercase\">Sound partner<\/h3>\n\n        <div class=\"partner-logos grid\">\n                      <div class=\"partner\">\n                              <a class=\"partner-link\" href=\"https:\/\/www.perfekson.com\/ \">\n                              <img decoding=\"async\" width=\"315\" height=\"104\" src=\"https:\/\/fondationhopitalsainteustache.com\/wp-content\/uploads\/2025\/03\/logo-2016-blanc-fond-transparent-1243-x-450_1-315x104.png\" class=\"attachment-medium size-medium\" alt=\"perfekson\" srcset=\"https:\/\/fondationhopitalsainteustache.com\/wp-content\/uploads\/2025\/03\/logo-2016-blanc-fond-transparent-1243-x-450_1-315x104.png 315w, https:\/\/fondationhopitalsainteustache.com\/wp-content\/uploads\/2025\/03\/logo-2016-blanc-fond-transparent-1243-x-450_1-260x86.png 260w, https:\/\/fondationhopitalsainteustache.com\/wp-content\/uploads\/2025\/03\/logo-2016-blanc-fond-transparent-1243-x-450_1.png 601w\" sizes=\"(max-width: 315px) 100vw, 315px\" \/>                              <\/a>\n                          <\/div>\n                  <\/div>\n      <\/div>\n          <div class=\"partners-section\">\n        <h3 class=\"uppercase\">Decor partner<\/h3>\n\n        <div class=\"partner-logos grid\">\n                      <div class=\"partner\">\n                              <a class=\"partner-link\" href=\"https:\/\/www.sunriseseniorliving.ca\/fr\/residence\/qc\/sunrise-de-fontainebleau\">\n                              <img decoding=\"async\" width=\"315\" height=\"220\" src=\"https:\/\/fondationhopitalsainteustache.com\/wp-content\/uploads\/2025\/03\/Logo_FR-FONTAINEBLEAU_CMYK-315x220.jpg\" class=\"attachment-medium size-medium\" alt=\"logo sunrise\" srcset=\"https:\/\/fondationhopitalsainteustache.com\/wp-content\/uploads\/2025\/03\/Logo_FR-FONTAINEBLEAU_CMYK-315x220.jpg 315w, https:\/\/fondationhopitalsainteustache.com\/wp-content\/uploads\/2025\/03\/Logo_FR-FONTAINEBLEAU_CMYK-1007x705.jpg 1007w, https:\/\/fondationhopitalsainteustache.com\/wp-content\/uploads\/2025\/03\/Logo_FR-FONTAINEBLEAU_CMYK-768x538.jpg 768w, https:\/\/fondationhopitalsainteustache.com\/wp-content\/uploads\/2025\/03\/Logo_FR-FONTAINEBLEAU_CMYK-257x180.jpg 257w, https:\/\/fondationhopitalsainteustache.com\/wp-content\/uploads\/2025\/03\/Logo_FR-FONTAINEBLEAU_CMYK.jpg 1201w\" sizes=\"(max-width: 315px) 100vw, 315px\" \/>                              <\/a>\n                          <\/div>\n                  <\/div>\n      <\/div>\n          <div class=\"partners-section\">\n        <h3 class=\"uppercase\">Dessert partner<\/h3>\n\n        <div class=\"partner-logos grid\">\n                      <div class=\"partner\">\n                              <a class=\"partner-link\" href=\"https:\/\/tfelectrique.com\/\">\n                              <img decoding=\"async\" width=\"220\" height=\"220\" src=\"https:\/\/fondationhopitalsainteustache.com\/wp-content\/uploads\/2025\/03\/Logo_TFElectrique-220x220.jpg\" class=\"attachment-medium size-medium\" alt=\"logo tf \u00e9lectrique\" srcset=\"https:\/\/fondationhopitalsainteustache.com\/wp-content\/uploads\/2025\/03\/Logo_TFElectrique-220x220.jpg 220w, https:\/\/fondationhopitalsainteustache.com\/wp-content\/uploads\/2025\/03\/Logo_TFElectrique-136x136.jpg 136w, https:\/\/fondationhopitalsainteustache.com\/wp-content\/uploads\/2025\/03\/Logo_TFElectrique-180x180.jpg 180w, https:\/\/fondationhopitalsainteustache.com\/wp-content\/uploads\/2025\/03\/Logo_TFElectrique-300x300.jpg 300w, https:\/\/fondationhopitalsainteustache.com\/wp-content\/uploads\/2025\/03\/Logo_TFElectrique-400x400.jpg 400w, https:\/\/fondationhopitalsainteustache.com\/wp-content\/uploads\/2025\/03\/Logo_TFElectrique.jpg 550w\" sizes=\"(max-width: 220px) 100vw, 220px\" \/>                              <\/a>\n                          <\/div>\n                  <\/div>\n      <\/div>\n          <div class=\"partners-section\">\n        <h3 class=\"uppercase\">Sushis partner<\/h3>\n\n        <div class=\"partner-logos grid\">\n                      <div class=\"partner\">\n                              <a class=\"partner-link\" href=\"https:\/\/mirabel.ca\/\">\n                              <img decoding=\"async\" width=\"315\" height=\"210\" src=\"https:\/\/fondationhopitalsainteustache.com\/wp-content\/uploads\/2025\/03\/LOGO_MIRABEL_COULEURS-315x210.jpg\" class=\"attachment-medium size-medium\" alt=\"logo ville de mirabel\" srcset=\"https:\/\/fondationhopitalsainteustache.com\/wp-content\/uploads\/2025\/03\/LOGO_MIRABEL_COULEURS-315x210.jpg 315w, https:\/\/fondationhopitalsainteustache.com\/wp-content\/uploads\/2025\/03\/LOGO_MIRABEL_COULEURS-1058x705.jpg 1058w, https:\/\/fondationhopitalsainteustache.com\/wp-content\/uploads\/2025\/03\/LOGO_MIRABEL_COULEURS-768x512.jpg 768w, https:\/\/fondationhopitalsainteustache.com\/wp-content\/uploads\/2025\/03\/LOGO_MIRABEL_COULEURS-1536x1024.jpg 1536w, https:\/\/fondationhopitalsainteustache.com\/wp-content\/uploads\/2025\/03\/LOGO_MIRABEL_COULEURS-260x173.jpg 260w, https:\/\/fondationhopitalsainteustache.com\/wp-content\/uploads\/2025\/03\/LOGO_MIRABEL_COULEURS.jpg 1920w\" sizes=\"(max-width: 315px) 100vw, 315px\" \/>                              <\/a>\n                          <\/div>\n                  <\/div>\n      <\/div>\n          <div class=\"partners-section\">\n        <h3 class=\"uppercase\">Lobster bibs partner<\/h3>\n\n        <div class=\"partner-logos grid\">\n                      <div class=\"partner\">\n                              <a class=\"partner-link\" href=\"https:\/\/www.igadaigle.com\/\">\n                              <img decoding=\"async\" width=\"265\" height=\"220\" src=\"https:\/\/fondationhopitalsainteustache.com\/wp-content\/uploads\/2025\/03\/Logo-IGA-265x220.png\" class=\"attachment-medium size-medium\" alt=\"\" srcset=\"https:\/\/fondationhopitalsainteustache.com\/wp-content\/uploads\/2025\/03\/Logo-IGA-265x220.png 265w, https:\/\/fondationhopitalsainteustache.com\/wp-content\/uploads\/2025\/03\/Logo-IGA-849x705.png 849w, https:\/\/fondationhopitalsainteustache.com\/wp-content\/uploads\/2025\/03\/Logo-IGA-768x637.png 768w, https:\/\/fondationhopitalsainteustache.com\/wp-content\/uploads\/2025\/03\/Logo-IGA-217x180.png 217w, https:\/\/fondationhopitalsainteustache.com\/wp-content\/uploads\/2025\/03\/Logo-IGA.png 1018w\" sizes=\"(max-width: 265px) 100vw, 265px\" \/>                              <\/a>\n                          <\/div>\n                  <\/div>\n      <\/div>\n          <div class=\"partners-section\">\n        <h3 class=\"uppercase\">Official transport partner<\/h3>\n\n        <div class=\"partner-logos grid\">\n                      <div class=\"partner\">\n                              <a class=\"partner-link\" href=\"https:\/\/locationbelisle.com\/\">\n                              <img decoding=\"async\" width=\"273\" height=\"69\" src=\"https:\/\/fondationhopitalsainteustache.com\/wp-content\/uploads\/2025\/03\/logo.png\" class=\"attachment-medium size-medium\" alt=\"logo B\u00e9lisle\" srcset=\"https:\/\/fondationhopitalsainteustache.com\/wp-content\/uploads\/2025\/03\/logo.png 273w, https:\/\/fondationhopitalsainteustache.com\/wp-content\/uploads\/2025\/03\/logo-260x66.png 260w\" sizes=\"(max-width: 273px) 100vw, 273px\" \/>                              <\/a>\n                          <\/div>\n                  <\/div>\n      <\/div>\n      <\/div>\n<\/div>\n\n\n<div id=\"block_b7df1b1b5b9fc978078ee0b66cf850ef\" class=\"members bg-secondary organizing-committee\">\n      <div class=\"container\">\n                  <h2 class=\"text-light-primary fs-800\">Organizing Committee<\/h2>\n                <div class=\"members-list grid three-per-line brief\">\n                    <div class=\"member flex\">\n                          <img decoding=\"async\" width=\"230\" height=\"200\" src=\"https:\/\/fondationhopitalsainteustache.com\/wp-content\/uploads\/2025\/01\/Lyne-Des-Trois-Maisons-e1746733581901-230x200.jpg\" class=\"member-image rounded-topleft-corner wp-post-image\" alt=\"\" \/>                        <div class=\"member-content\">\n              <p class=\"fw-bold member-name\">Lyne Des Trois Maisons<\/p>\n              \n                                                <p>Executive Director<br \/>\r\nFondation H\u00f4pital Saint-Eustache<br \/>\r\nBoard administrator<br \/>\r\nFondation H\u00f4pital Saint-Eustache<br \/>\r\n<\/p>\n                                              \n                          <\/div>\n          <\/div>\n                    <div class=\"member flex\">\n                          <img decoding=\"async\" width=\"230\" height=\"200\" src=\"https:\/\/fondationhopitalsainteustache.com\/wp-content\/uploads\/2021\/12\/img-team-helene-chretien.jpg\" class=\"member-image rounded-topleft-corner wp-post-image\" alt=\"\" srcset=\"https:\/\/fondationhopitalsainteustache.com\/wp-content\/uploads\/2021\/12\/img-team-helene-chretien.jpg 230w, https:\/\/fondationhopitalsainteustache.com\/wp-content\/uploads\/2021\/12\/img-team-helene-chretien-207x180.jpg 207w\" sizes=\"(max-width: 230px) 100vw, 230px\" \/>                        <div class=\"member-content\">\n              <p class=\"fw-bold member-name\">H\u00e9l\u00e8ne Chr\u00e9tien<\/p>\n              \n                                                <p>Director of Development and Partnerships<br \/>\r\nFondation H\u00f4pital Saint-Eustache<\/p>\n                                              \n                          <\/div>\n          <\/div>\n                    <div class=\"member flex\">\n                          <img decoding=\"async\" width=\"230\" height=\"200\" src=\"https:\/\/fondationhopitalsainteustache.com\/wp-content\/uploads\/2025\/01\/KarineLefebvre-e1771356972852-230x200.jpg\" class=\"member-image rounded-topleft-corner wp-post-image\" alt=\"\" \/>                        <div class=\"member-content\">\n              <p class=\"fw-bold member-name\">Karine Lefebvre<\/p>\n              \n                                                <p>Administrative Assistant<br \/>\r\nFondation H\u00f4pital Saint-Eustache<\/p>\n                                              \n                          <\/div>\n          <\/div>\n                    <div class=\"member flex\">\n                          <img decoding=\"async\" width=\"230\" height=\"200\" src=\"https:\/\/fondationhopitalsainteustache.com\/wp-content\/uploads\/2025\/01\/NatachaBernier-e1746733355907-230x200.jpg\" class=\"member-image rounded-topleft-corner wp-post-image\" alt=\"\" \/>                        <div class=\"member-content\">\n              <p class=\"fw-bold member-name\">Natacha Bernier<\/p>\n              \n                                                <p>Lawyer and Senior Legal Advisor<br \/>\r\nFonds de solidarit\u00e9 FTQ<br \/>\r\nVice-president of the board of directors<br \/>\r\nFondation H\u00f4pital Saint-Eustache<\/p>\n                                              \n                          <\/div>\n          <\/div>\n                    <div class=\"member flex\">\n                          <img decoding=\"async\" width=\"230\" height=\"200\" src=\"https:\/\/fondationhopitalsainteustache.com\/wp-content\/uploads\/2022\/01\/fhse_CA2024-15-e1720036975870-230x200.jpg\" class=\"member-image rounded-topleft-corner wp-post-image\" alt=\"\" \/>                        <div class=\"member-content\">\n              <p class=\"fw-bold member-name\">Julie Brochu<\/p>\n              \n                                                <p>Residential real estate broker \u2013 RE\/MAX Crystal<br \/>\r\nBoard administrator <br \/>\r\nFondation H\u00f4pital Saint-Eustache<\/p>\n                                              \n                          <\/div>\n          <\/div>\n                    <div class=\"member flex\">\n                          <img decoding=\"async\" width=\"230\" height=\"200\" src=\"https:\/\/fondationhopitalsainteustache.com\/wp-content\/uploads\/2025\/01\/StephanieBoisvert-e1746733541742-230x200.jpg\" class=\"member-image rounded-topleft-corner wp-post-image\" alt=\"\" \/>                        <div class=\"member-content\">\n              <p class=\"fw-bold member-name\">St\u00e9phanie Boisvert<\/p>\n              \n                                                <p>President Or\u0113lia Consulting Services Inc. and company director<br \/>\r\nBoard administrator <br \/>\r\nFondation H\u00f4pital Saint-Eustache<\/p>\n                                              \n                          <\/div>\n          <\/div>\n                    <div class=\"member flex\">\n                          <img decoding=\"async\" width=\"230\" height=\"200\" src=\"https:\/\/fondationhopitalsainteustache.com\/wp-content\/uploads\/2025\/01\/BirgitteBinette-e1746733496571-230x200.jpg\" class=\"member-image rounded-topleft-corner wp-post-image\" alt=\"\" \/>                        <div class=\"member-content\">\n              <p class=\"fw-bold member-name\">Me Brigitte Binette<\/p>\n              \n                                                <p>Lawyer<br \/>\r\nBoard administrator <br \/>\r\nFondation H\u00f4pital Saint-Eustache<\/p>\n                                              \n                          <\/div>\n          <\/div>\n                    <div class=\"member flex\">\n                          <img decoding=\"async\" width=\"230\" height=\"200\" src=\"https:\/\/fondationhopitalsainteustache.com\/wp-content\/uploads\/2023\/05\/fhse_CA2024-13-e1720037243331-230x200.jpg\" class=\"member-image rounded-topleft-corner wp-post-image\" alt=\"\" \/>                        <div class=\"member-content\">\n              <p class=\"fw-bold member-name\">Massoud El Baini<\/p>\n              \n                                                <p>Relationship Manager, Commercial Financial Services, Franchise and Retails<br \/>\r\nRBC<br \/>\r\nTreasurer of the board directors<br \/>\r\nFondation H\u00f4pital Saint-Eustache <\/p>\n                                              \n                          <\/div>\n          <\/div>\n                    <div class=\"member flex\">\n                          <img decoding=\"async\" width=\"230\" height=\"200\" src=\"https:\/\/fondationhopitalsainteustache.com\/wp-content\/uploads\/2025\/01\/JadeEthierBelec-e1771357026302-230x200.jpg\" class=\"member-image rounded-topleft-corner wp-post-image\" alt=\"\" \/>                        <div class=\"member-content\">\n              <p class=\"fw-bold member-name\">Jade \u00c9thier B\u00e9lec<\/p>\n              \n                                                <p>Communications and events Advisor<br \/>\r\nFondation H\u00f4pital Saint-Eustache<\/p>\n                                              \n                          <\/div>\n          <\/div>\n                    <div class=\"member flex\">\n                          <img decoding=\"async\" width=\"230\" height=\"200\" src=\"https:\/\/fondationhopitalsainteustache.com\/wp-content\/uploads\/2024\/03\/fhse_CA2024-2-e1720037401111-230x200.jpg\" class=\"member-image rounded-topleft-corner wp-post-image\" alt=\"\" \/>                        <div class=\"member-content\">\n              <p class=\"fw-bold member-name\">Florence Blad<\/p>\n              \n                                                <p>Communications and events Advisor<br \/>\r\nFondation H\u00f4pital Saint-Eustache<\/p>\n                                              \n                          <\/div>\n          <\/div>\n                    <div class=\"member flex\">\n                          <img decoding=\"async\" width=\"230\" height=\"200\" src=\"https:\/\/fondationhopitalsainteustache.com\/wp-content\/uploads\/2025\/01\/AnnieRocheleau-e1746733713638-230x200.jpg\" class=\"member-image rounded-topleft-corner wp-post-image\" alt=\"\" \/>                        <div class=\"member-content\">\n              <p class=\"fw-bold member-name\">Annie Rocheleau<\/p>\n              \n                                                <p>Director, Market Development<br \/>\r\nCaisse Desjardins Saint-Eustache\u2014Deux-Montagnes<br \/>\r\nBoard administrator<br \/>\r\nFondation H\u00f4pital Saint-Eustache<\/p>\n                                              \n                          <\/div>\n          <\/div>\n                    <div class=\"member flex\">\n                          <img decoding=\"async\" width=\"230\" height=\"200\" src=\"https:\/\/fondationhopitalsainteustache.com\/wp-content\/uploads\/2022\/01\/dominique-poirier-230x200.jpg\" class=\"member-image rounded-topleft-corner wp-post-image\" alt=\"\" \/>                        <div class=\"member-content\">\n              <p class=\"fw-bold member-name\">Dominique Poirier<\/p>\n              \n                                                <p>Directrice, Soutien aux op\u00e9rations<br \/>\r\nCaisse Desjardins Saint-Eustache\u2013Deux-Montagnes<\/p>\n                                              \n                          <\/div>\n          <\/div>\n                  <\/div>\n      <\/div>\n  <\/div>\n","protected":false},"excerpt":{"rendered":"<p>Sixth Edition of the Surf and Turf Dinner The Fondation H\u00f4pital Saint-Eustache is proud to announce the sixth edition of the surf and turf dinner, a must-attend benefit event scheduled for Thursday, May 22, beginning at 6\u00a0p.m. at the Centre culturel et communautaire Th\u00e9r\u00e8se-De\u00a0Blainville. A Gourmet and Festive Evening Under the co-presidency of Mrs.\u00a0Christine Beaudette, &hellip; <a href=\"https:\/\/fondationhopitalsainteustache.com\/en\/event\/6e-edition-du-festin-terre-et-mer\/\">Continued<\/a><\/p>\n","protected":false},"featured_media":12650,"template":"","meta":{"_acf_changed":false,"inline_featured_image":false},"event-type":[9],"event-status":[38],"class_list":["post-12584","event","type-event","status-publish","has-post-thumbnail","hentry","event-type-foundation","event-status-anterior"],"acf":[],"yoast_head":"<!-- This site is optimized with the Yoast SEO plugin v26.0 - https:\/\/yoast.com\/wordpress\/plugins\/seo\/ -->\n<title>Sixth Edition of the Surf and Turf Dinner | Fondation Hopital Saint-Eustache<\/title>\n<meta name=\"description\" content=\"Participez \u00e0 la 6e \u00e9dition du Festin terre et mer au profit de la Fondation H\u00f4pital Saint-Eustache! Buffet b\u0153uf et homard \u00e0 volont\u00e9, d\u00e9fis costum\u00e9s et solidarit\u00e9 pour am\u00e9liorer les soins de sant\u00e9 aux Basses-Laurentides. R\u00e9servez votre place d\u00e8s maintenant!\" \/>\n<meta name=\"robots\" content=\"index, follow, max-snippet:-1, max-image-preview:large, max-video-preview:-1\" \/>\n<link rel=\"canonical\" href=\"https:\/\/fondationhopitalsainteustache.com\/en\/event\/6e-edition-du-festin-terre-et-mer\/\" \/>\n<meta property=\"og:locale\" content=\"en_US\" \/>\n<meta property=\"og:type\" content=\"article\" \/>\n<meta property=\"og:title\" content=\"Sixth Edition of the Surf and Turf Dinner | Fondation Hopital Saint-Eustache\" \/>\n<meta property=\"og:description\" content=\"Participez \u00e0 la 6e \u00e9dition du Festin terre et mer au profit de la Fondation H\u00f4pital Saint-Eustache! Buffet b\u0153uf et homard \u00e0 volont\u00e9, d\u00e9fis costum\u00e9s et solidarit\u00e9 pour am\u00e9liorer les soins de sant\u00e9 aux Basses-Laurentides. R\u00e9servez votre place d\u00e8s maintenant!\" \/>\n<meta property=\"og:url\" content=\"https:\/\/fondationhopitalsainteustache.com\/en\/event\/6e-edition-du-festin-terre-et-mer\/\" \/>\n<meta property=\"og:site_name\" content=\"Fondation Hopital Saint-Eustache\" \/>\n<meta property=\"article:modified_time\" content=\"2025-04-10T15:10:50+00:00\" \/>\n<meta property=\"og:image\" content=\"https:\/\/fondationhopitalsainteustache.com\/wp-content\/uploads\/2025\/03\/Zone-visible-site-web-test.png\" \/>\n\t<meta property=\"og:image:width\" content=\"1200\" \/>\n\t<meta property=\"og:image:height\" content=\"628\" \/>\n\t<meta property=\"og:image:type\" content=\"image\/png\" \/>\n<meta name=\"twitter:card\" content=\"summary_large_image\" \/>\n<meta name=\"twitter:label1\" content=\"Est. reading time\" \/>\n\t<meta name=\"twitter:data1\" content=\"2 minutes\" \/>\n<script type=\"application\/ld+json\" class=\"yoast-schema-graph\">{\"@context\":\"https:\/\/schema.org\",\"@graph\":[{\"@type\":\"WebPage\",\"@id\":\"https:\/\/fondationhopitalsainteustache.com\/en\/event\/6e-edition-du-festin-terre-et-mer\/\",\"url\":\"https:\/\/fondationhopitalsainteustache.com\/en\/event\/6e-edition-du-festin-terre-et-mer\/\",\"name\":\"Sixth Edition of the Surf and Turf Dinner | Fondation Hopital Saint-Eustache\",\"isPartOf\":{\"@id\":\"https:\/\/fondationhopitalsainteustache.com\/#website\"},\"primaryImageOfPage\":{\"@id\":\"https:\/\/fondationhopitalsainteustache.com\/en\/event\/6e-edition-du-festin-terre-et-mer\/#primaryimage\"},\"image\":{\"@id\":\"https:\/\/fondationhopitalsainteustache.com\/en\/event\/6e-edition-du-festin-terre-et-mer\/#primaryimage\"},\"thumbnailUrl\":\"https:\/\/fondationhopitalsainteustache.com\/wp-content\/uploads\/2025\/03\/Zone-visible-site-web-test.png\",\"datePublished\":\"2025-03-11T18:32:43+00:00\",\"dateModified\":\"2025-04-10T15:10:50+00:00\",\"description\":\"Participez \u00e0 la 6e \u00e9dition du Festin terre et mer au profit de la Fondation H\u00f4pital Saint-Eustache! Buffet b\u0153uf et homard \u00e0 volont\u00e9, d\u00e9fis costum\u00e9s et solidarit\u00e9 pour am\u00e9liorer les soins de sant\u00e9 aux Basses-Laurentides. R\u00e9servez votre place d\u00e8s maintenant!\",\"breadcrumb\":{\"@id\":\"https:\/\/fondationhopitalsainteustache.com\/en\/event\/6e-edition-du-festin-terre-et-mer\/#breadcrumb\"},\"inLanguage\":\"en-US\",\"potentialAction\":[{\"@type\":\"ReadAction\",\"target\":[\"https:\/\/fondationhopitalsainteustache.com\/en\/event\/6e-edition-du-festin-terre-et-mer\/\"]}]},{\"@type\":\"ImageObject\",\"inLanguage\":\"en-US\",\"@id\":\"https:\/\/fondationhopitalsainteustache.com\/en\/event\/6e-edition-du-festin-terre-et-mer\/#primaryimage\",\"url\":\"https:\/\/fondationhopitalsainteustache.com\/wp-content\/uploads\/2025\/03\/Zone-visible-site-web-test.png\",\"contentUrl\":\"https:\/\/fondationhopitalsainteustache.com\/wp-content\/uploads\/2025\/03\/Zone-visible-site-web-test.png\",\"width\":1200,\"height\":628,\"caption\":\"visuel festin terre et mer\"},{\"@type\":\"BreadcrumbList\",\"@id\":\"https:\/\/fondationhopitalsainteustache.com\/en\/event\/6e-edition-du-festin-terre-et-mer\/#breadcrumb\",\"itemListElement\":[{\"@type\":\"ListItem\",\"position\":1,\"name\":\"Home\",\"item\":\"https:\/\/fondationhopitalsainteustache.com\/en\/\"},{\"@type\":\"ListItem\",\"position\":2,\"name\":\"Sixth Edition of the Surf and Turf Dinner\"}]},{\"@type\":\"WebSite\",\"@id\":\"https:\/\/fondationhopitalsainteustache.com\/#website\",\"url\":\"https:\/\/fondationhopitalsainteustache.com\/\",\"name\":\"Fondation Hopital Saint-Eustache\",\"description\":\"\",\"potentialAction\":[{\"@type\":\"SearchAction\",\"target\":{\"@type\":\"EntryPoint\",\"urlTemplate\":\"https:\/\/fondationhopitalsainteustache.com\/?s={search_term_string}\"},\"query-input\":{\"@type\":\"PropertyValueSpecification\",\"valueRequired\":true,\"valueName\":\"search_term_string\"}}],\"inLanguage\":\"en-US\"}]}<\/script>\n<!-- \/ Yoast SEO plugin. -->","yoast_head_json":{"title":"Sixth Edition of the Surf and Turf Dinner | Fondation Hopital Saint-Eustache","description":"Participez \u00e0 la 6e \u00e9dition du Festin terre et mer au profit de la Fondation H\u00f4pital Saint-Eustache! Buffet b\u0153uf et homard \u00e0 volont\u00e9, d\u00e9fis costum\u00e9s et solidarit\u00e9 pour am\u00e9liorer les soins de sant\u00e9 aux Basses-Laurentides. R\u00e9servez votre place d\u00e8s maintenant!","robots":{"index":"index","follow":"follow","max-snippet":"max-snippet:-1","max-image-preview":"max-image-preview:large","max-video-preview":"max-video-preview:-1"},"canonical":"https:\/\/fondationhopitalsainteustache.com\/en\/event\/6e-edition-du-festin-terre-et-mer\/","og_locale":"en_US","og_type":"article","og_title":"Sixth Edition of the Surf and Turf Dinner | Fondation Hopital Saint-Eustache","og_description":"Participez \u00e0 la 6e \u00e9dition du Festin terre et mer au profit de la Fondation H\u00f4pital Saint-Eustache! Buffet b\u0153uf et homard \u00e0 volont\u00e9, d\u00e9fis costum\u00e9s et solidarit\u00e9 pour am\u00e9liorer les soins de sant\u00e9 aux Basses-Laurentides. R\u00e9servez votre place d\u00e8s maintenant!","og_url":"https:\/\/fondationhopitalsainteustache.com\/en\/event\/6e-edition-du-festin-terre-et-mer\/","og_site_name":"Fondation Hopital Saint-Eustache","article_modified_time":"2025-04-10T15:10:50+00:00","og_image":[{"width":1200,"height":628,"url":"https:\/\/fondationhopitalsainteustache.com\/wp-content\/uploads\/2025\/03\/Zone-visible-site-web-test.png","type":"image\/png"}],"twitter_card":"summary_large_image","twitter_misc":{"Est. reading time":"2 minutes"},"schema":{"@context":"https:\/\/schema.org","@graph":[{"@type":"WebPage","@id":"https:\/\/fondationhopitalsainteustache.com\/en\/event\/6e-edition-du-festin-terre-et-mer\/","url":"https:\/\/fondationhopitalsainteustache.com\/en\/event\/6e-edition-du-festin-terre-et-mer\/","name":"Sixth Edition of the Surf and Turf Dinner | Fondation Hopital Saint-Eustache","isPartOf":{"@id":"https:\/\/fondationhopitalsainteustache.com\/#website"},"primaryImageOfPage":{"@id":"https:\/\/fondationhopitalsainteustache.com\/en\/event\/6e-edition-du-festin-terre-et-mer\/#primaryimage"},"image":{"@id":"https:\/\/fondationhopitalsainteustache.com\/en\/event\/6e-edition-du-festin-terre-et-mer\/#primaryimage"},"thumbnailUrl":"https:\/\/fondationhopitalsainteustache.com\/wp-content\/uploads\/2025\/03\/Zone-visible-site-web-test.png","datePublished":"2025-03-11T18:32:43+00:00","dateModified":"2025-04-10T15:10:50+00:00","description":"Participez \u00e0 la 6e \u00e9dition du Festin terre et mer au profit de la Fondation H\u00f4pital Saint-Eustache! Buffet b\u0153uf et homard \u00e0 volont\u00e9, d\u00e9fis costum\u00e9s et solidarit\u00e9 pour am\u00e9liorer les soins de sant\u00e9 aux Basses-Laurentides. R\u00e9servez votre place d\u00e8s maintenant!","breadcrumb":{"@id":"https:\/\/fondationhopitalsainteustache.com\/en\/event\/6e-edition-du-festin-terre-et-mer\/#breadcrumb"},"inLanguage":"en-US","potentialAction":[{"@type":"ReadAction","target":["https:\/\/fondationhopitalsainteustache.com\/en\/event\/6e-edition-du-festin-terre-et-mer\/"]}]},{"@type":"ImageObject","inLanguage":"en-US","@id":"https:\/\/fondationhopitalsainteustache.com\/en\/event\/6e-edition-du-festin-terre-et-mer\/#primaryimage","url":"https:\/\/fondationhopitalsainteustache.com\/wp-content\/uploads\/2025\/03\/Zone-visible-site-web-test.png","contentUrl":"https:\/\/fondationhopitalsainteustache.com\/wp-content\/uploads\/2025\/03\/Zone-visible-site-web-test.png","width":1200,"height":628,"caption":"visuel festin terre et mer"},{"@type":"BreadcrumbList","@id":"https:\/\/fondationhopitalsainteustache.com\/en\/event\/6e-edition-du-festin-terre-et-mer\/#breadcrumb","itemListElement":[{"@type":"ListItem","position":1,"name":"Home","item":"https:\/\/fondationhopitalsainteustache.com\/en\/"},{"@type":"ListItem","position":2,"name":"Sixth Edition of the Surf and Turf Dinner"}]},{"@type":"WebSite","@id":"https:\/\/fondationhopitalsainteustache.com\/#website","url":"https:\/\/fondationhopitalsainteustache.com\/","name":"Fondation Hopital Saint-Eustache","description":"","potentialAction":[{"@type":"SearchAction","target":{"@type":"EntryPoint","urlTemplate":"https:\/\/fondationhopitalsainteustache.com\/?s={search_term_string}"},"query-input":{"@type":"PropertyValueSpecification","valueRequired":true,"valueName":"search_term_string"}}],"inLanguage":"en-US"}]}},"_links":{"self":[{"href":"https:\/\/fondationhopitalsainteustache.com\/en\/wp-json\/wp\/v2\/event\/12584","targetHints":{"allow":["GET"]}}],"collection":[{"href":"https:\/\/fondationhopitalsainteustache.com\/en\/wp-json\/wp\/v2\/event"}],"about":[{"href":"https:\/\/fondationhopitalsainteustache.com\/en\/wp-json\/wp\/v2\/types\/event"}],"wp:featuredmedia":[{"embeddable":true,"href":"https:\/\/fondationhopitalsainteustache.com\/en\/wp-json\/wp\/v2\/media\/12650"}],"wp:attachment":[{"href":"https:\/\/fondationhopitalsainteustache.com\/en\/wp-json\/wp\/v2\/media?parent=12584"}],"wp:term":[{"taxonomy":"event-type","embeddable":true,"href":"https:\/\/fondationhopitalsainteustache.com\/en\/wp-json\/wp\/v2\/event-type?post=12584"},{"taxonomy":"event-status","embeddable":true,"href":"https:\/\/fondationhopitalsainteustache.com\/en\/wp-json\/wp\/v2\/event-status?post=12584"}],"curies":[{"name":"wp","href":"https:\/\/api.w.org\/{rel}","templated":true}]}}